{"id":30,"date":"2019-12-31T16:35:52","date_gmt":"2019-12-31T13:35:52","guid":{"rendered":"http:\/\/localhost\/iyiakrep\/?page_id=30"},"modified":"2021-04-05T16:13:53","modified_gmt":"2021-04-05T13:13:53","slug":"arafat","status":"publish","type":"page","link":"https:\/\/yeni.elyucader.com\/?page_id=30","title":{"rendered":"Arafat"},"content":{"rendered":"\t\t<div data-elementor-type=\"wp-page\" data-elementor-id=\"30\" class=\"elementor elementor-30\" data-elementor-settings=\"[]\">\n\t\t\t\t\t\t<div class=\"elementor-inner\">\n\t\t\t\t\t\t\t<div class=\"elementor-section-wrap\">\n\t\t\t\t\t\t\t<section class=\"elementor-section elementor-top-section elementor-element elementor-element-96c63b5 elementor-section-stretched elementor-section-full_width elementor-section-height-full elementor-section-height-default elementor-section-items-middle\" data-id=\"96c63b5\" data-element_type=\"section\" data-settings=\"{&quot;stretch_section&quot;:&quot;section-stretched&quot;,&quot;background_background&quot;:&quot;classic&quot;}\">\n\t\t\t\t\t\t<div class=\"elementor-container elementor-column-gap-default\">\n\t\t\t\t\t\t\t<div class=\"elementor-row\">\n\t\t\t\t\t<div class=\"elementor-column elementor-col-100 elementor-top-column elementor-element elementor-element-70bdb21\" data-id=\"70bdb21\" data-element_type=\"column\">\n\t\t\t<div class=\"elementor-column-wrap elementor-element-populated\">\n\t\t\t\t\t\t\t<div class=\"elementor-widget-wrap\">\n\t\t\t\t\t\t<div class=\"elementor-element elementor-element-4ada615 elementor-widget elementor-widget-heading\" data-id=\"4ada615\" data-element_type=\"widget\" data-widget_type=\"heading.default\">\n\t\t\t\t<div class=\"elementor-widget-container\">\n\t\t\t<h2 class=\"elementor-heading-title elementor-size-default\">ARAFAT<\/h2>\t\t<\/div>\n\t\t\t\t<\/div>\n\t\t\t\t\t\t<\/div>\n\t\t\t\t\t<\/div>\n\t\t<\/div>\n\t\t\t\t\t\t\t\t<\/div>\n\t\t\t\t\t<\/div>\n\t\t<\/section>\n\t\t\t\t<section class=\"elementor-section elementor-top-section elementor-element elementor-element-db456f4 elementor-section-boxed elementor-section-height-default elementor-section-height-default\" data-id=\"db456f4\" data-element_type=\"section\">\n\t\t\t\t\t\t<div class=\"elementor-container elementor-column-gap-default\">\n\t\t\t\t\t\t\t<div class=\"elementor-row\">\n\t\t\t\t\t<div class=\"elementor-column elementor-col-100 elementor-top-column elementor-element elementor-element-b1e2f40\" data-id=\"b1e2f40\" data-element_type=\"column\">\n\t\t\t<div class=\"elementor-column-wrap elementor-element-populated\">\n\t\t\t\t\t\t\t<div class=\"elementor-widget-wrap\">\n\t\t\t\t\t\t<div class=\"elementor-element elementor-element-db82671 elementor-widget elementor-widget-text-editor\" data-id=\"db82671\" data-element_type=\"widget\" data-widget_type=\"text-editor.default\">\n\t\t\t\t<div class=\"elementor-widget-container\">\n\t\t\t\t\t<div class=\"elementor-text-editor elementor-clearfix\"><p class=\"western\" align=\"justify\"><span style=\"font-size: medium;\"><br><\/span><\/p><p class=\"western\" align=\"justify\"><span style=\"font-size: medium;\">Kelime olarak \u201cbilme, anlama, tan\u0131ma\u201d ve \u201cg\u00fczel koku\u201d gibi m\u00e2nalara gelen bir k\u00f6kten t\u00fcremi\u015f olan arefe ve arafat\u0131n etimolojisi ve aralar\u0131ndaki anlam fark\u0131 konusunda de\u011fi\u015fik g\u00f6r\u00fc\u015fler ileri s\u00fcr\u00fclmekle birlikte, genel olarak arafat kelimesinin arefenin \u00e7o\u011fulu olmay\u0131p her ikisinin de tekil halinde ayn\u0131 yerin adlar\u0131 oldu\u011fu kabul edilmi\u015ftir. Bu yere Arafat ad\u0131n\u0131n verili\u015f sebebi kesin olarak bilinmemekte ise de bu konuda baz\u0131 g\u00f6r\u00fc\u015fler ileri s\u00fcr\u00fclmektedir. Hz. \u00c2dem ile Hz. Havv\u00e2\u2019n\u0131n yery\u00fcz\u00fcne indikten sonra burada bulu\u015fup tan\u0131\u015fmalar\u0131 veya Cebr\u00e2il\u2019in Hz. \u0130br\u00e2him\u2019e hacc\u0131n nas\u0131l ve nerelerde yap\u0131laca\u011f\u0131n\u0131 \u00f6\u011fretirken Arafat\u2019a geldiklerinde ona, \u201cArefte?\u201d (anlad\u0131n m\u0131, tan\u0131d\u0131n m\u0131?) diye sormas\u0131, onun da \u201cAreft\u00fc\u201d (anlad\u0131m, tan\u0131d\u0131m) demesinden dolay\u0131 buraya Arafat veya Arefe dendi\u011fi kaynaklarda zikredilmi\u015ftir. Ayr\u0131ca d\u00fcnyan\u0131n her taraf\u0131ndan gelen insanlar\u0131n bu yerde birbirleriyle g\u00f6r\u00fc\u015f\u00fcp tan\u0131\u015fmalar\u0131 veya g\u00fcnahlar\u0131n\u0131 itiraf ederek Allah\u2019tan af dilemeleri, af dileyenlerin affedilmelerinden sonra g\u00fcnah kirlerinden temizlenip Allah kat\u0131nda g\u00fczel bir kokuya sahip olmalar\u0131 sebebiyle bu ad\u0131n verildi\u011fi de ileri s\u00fcr\u00fclen g\u00f6r\u00fc\u015fler aras\u0131ndad\u0131r.<\/span><\/p>\n<p class=\"western\" align=\"justify\"><a name=\"_GoBack\"><\/a> <span style=\"font-size: medium;\">Mekke&#8217;nin 21 km. do<\/span><span style=\"font-size: medium;\">\u011f<\/span><span style=\"font-size: medium;\">usunda T<\/span><span style=\"font-size: medium;\">\u00e2<\/span><span style=\"font-size: medium;\">if da<\/span><span style=\"font-size: medium;\">\u011f<\/span><span style=\"font-size: medium;\"> yolu <\/span><span style=\"font-size: medium;\">\u00fc<\/span><span style=\"font-size: medium;\">zerinde ova <\/span><span style=\"font-size: medium;\">g<\/span><span style=\"font-size: medium;\">\u00f6<\/span><span style=\"font-size: medium;\">r<\/span><span style=\"font-size: medium;\">\u00fc<\/span><span style=\"font-size: medium;\">n<\/span><span style=\"font-size: medium;\">\u00fc\u015f\u00fc<\/span><span style=\"font-size: medium;\">nde d<\/span><span style=\"font-size: medium;\">\u00fc<\/span><span style=\"font-size: medium;\">z bir alan olan Arafat, hacc<\/span><span style=\"font-size: medium;\">\u0131<\/span><span style=\"font-size: medium;\">n en <\/span><span style=\"font-size: medium;\">\u00f6<\/span><span style=\"font-size: medium;\">nemli r<\/span><span style=\"font-size: medium;\">\u00fc<\/span><span style=\"font-size: medium;\">kn<\/span><span style=\"font-size: medium;\">\u00fc<\/span><span style=\"font-size: medium;\"> olan <\/span><span style=\"font-size: medium;\">vakfenin yap<\/span><span style=\"font-size: medium;\">\u0131<\/span><span style=\"font-size: medium;\">ld<\/span><span style=\"font-size: medium;\">\u0131\u011f\u0131<\/span><span style=\"font-size: medium;\"> yerdir. <\/span><span style=\"font-size: medium;\">En u<\/span><span style=\"font-size: medium;\">\u00e7<\/span><span style=\"font-size: medium;\"> noktalan aras<\/span><span style=\"font-size: medium;\">\u0131<\/span><span style=\"font-size: medium;\">nda do<\/span><span style=\"font-size: medium;\">\u011f<\/span><span style=\"font-size: medium;\">udan bat<\/span><span style=\"font-size: medium;\">\u0131<\/span><span style=\"font-size: medium;\">ya 6, 5 km., kuzeyden g<\/span><span style=\"font-size: medium;\">\u00fc<\/span><span style=\"font-size: medium;\">neye 11-12 km. uzunlukta olan bu sahan<\/span><span style=\"font-size: medium;\">\u0131<\/span><span style=\"font-size: medium;\">n tamam<\/span><span style=\"font-size: medium;\">\u0131<\/span><span style=\"font-size: medium;\"> 13,68 km<\/span><sup><span style=\"font-size: medium;\">2<\/span><\/sup><span style=\"font-size: medium;\">&#8216;dir ve kuzey <\/span><span style=\"font-size: medium;\">kesiminde granit ta<\/span><span style=\"font-size: medium;\">\u015f<\/span><span style=\"font-size: medium;\">lar<\/span><span style=\"font-size: medium;\">\u0131<\/span><span style=\"font-size: medium;\">ndan olu<\/span><span style=\"font-size: medium;\">\u015f<\/span><span style=\"font-size: medium;\">mu<\/span><span style=\"font-size: medium;\">\u015f<\/span><span style=\"font-size: medium;\"> 70 m. y<\/span><span style=\"font-size: medium;\">\u00fc<\/span><span style=\"font-size: medium;\">ksek<\/span><span style=\"font-size: medium;\">li\u011f<\/span><span style=\"font-size: medium;\">indeki Cebel-i <\/span><span style=\"font-size: medium;\">Rahme bulunmaktad<\/span><span style=\"font-size: medium;\">\u0131<\/span><span style=\"font-size: medium;\">r. Hz. Peygamber vakfesini burada yapm<\/span><span style=\"font-size: medium;\">\u0131\u015f<\/span><span style=\"font-size: medium;\">t<\/span><span style=\"font-size: medium;\">\u0131<\/span><span style=\"font-size: medium;\">r.<\/span><\/p>\n<p class=\"western\" align=\"justify\"><span style=\"font-size: medium;\">Hac ibadetini yerine getirmek \u00fczere orada bulunan m\u00fcsl\u00fcmanlar Terviye&#8217;den (yani Zilhicce&#8217;nin sekizinci g\u00fcn\u00fc sabah namaz\u0131n\u0131 Mekke&#8217;de k\u0131ld\u0131ktan) sonra Mina&#8217;ya, sonra Arefe g\u00fcn\u00fc sabah namaz\u0131n\u0131 k\u0131ld\u0131ktan sonra Araf\u00e2t&#8217;a \u00e7\u0131karlar. Hacc\u0131n farzlar\u0131ndan biri olan vakfe Arefe g\u00fcn\u00fc zeval vaktinden ba\u015flar, nahir g\u00fcn\u00fc yani bayram\u0131n birinci g\u00fcn\u00fc sabah namaz\u0131 vaktine kadar s\u00fcren zaman i\u00e7inde yap\u0131l\u0131r. Genellikle Arefe g\u00fcn\u00fc ak\u015fam\u0131 Araf\u00e2t&#8217;tan ayr\u0131lma i\u015flemleri ba\u015flar.<\/span><\/p><\/div>\n\t\t\t\t<\/div>\n\t\t\t\t<\/div>\n\t\t\t\t<div class=\"elementor-element elementor-element-5b53ca6 gallery-spacing-custom elementor-widget elementor-widget-image-gallery\" data-id=\"5b53ca6\" data-element_type=\"widget\" data-widget_type=\"image-gallery.default\">\n\t\t\t\t<div class=\"elementor-widget-container\">\n\t\t\t\t\t<div class=\"elementor-image-gallery\">\n\t\t\t<div id='gallery-1' class='gallery galleryid-30 gallery-columns-3 gallery-size-thumbnail'><figure class='gallery-item'>\n\t\t\t<div class='gallery-icon landscape'>\n\t\t\t\t<a data-elementor-open-lightbox=\"yes\" data-elementor-lightbox-slideshow=\"5b53ca6\" data-elementor-lightbox-title=\"IMG_1082\" href='https:\/\/yeni.elyucader.com\/wp-content\/uploads\/2020\/02\/IMG_1082.jpg'><img width=\"150\" height=\"150\" src=\"https:\/\/yeni.elyucader.com\/wp-content\/uploads\/2020\/02\/IMG_1082-150x150.jpg\" class=\"attachment-thumbnail size-thumbnail\" alt=\"\" decoding=\"async\" loading=\"lazy\" \/><\/a>\n\t\t\t<\/div><\/figure><figure class='gallery-item'>\n\t\t\t<div class='gallery-icon landscape'>\n\t\t\t\t<a data-elementor-open-lightbox=\"yes\" data-elementor-lightbox-slideshow=\"5b53ca6\" data-elementor-lightbox-title=\"IMG_1083\" href='https:\/\/yeni.elyucader.com\/wp-content\/uploads\/2020\/02\/IMG_1083.jpg'><img width=\"150\" height=\"150\" src=\"https:\/\/yeni.elyucader.com\/wp-content\/uploads\/2020\/02\/IMG_1083-150x150.jpg\" class=\"attachment-thumbnail size-thumbnail\" alt=\"\" decoding=\"async\" loading=\"lazy\" \/><\/a>\n\t\t\t<\/div><\/figure><figure class='gallery-item'>\n\t\t\t<div class='gallery-icon landscape'>\n\t\t\t\t<a data-elementor-open-lightbox=\"yes\" data-elementor-lightbox-slideshow=\"5b53ca6\" data-elementor-lightbox-title=\"IMG_1094\" href='https:\/\/yeni.elyucader.com\/wp-content\/uploads\/2020\/02\/IMG_1094.jpg'><img width=\"150\" height=\"150\" src=\"https:\/\/yeni.elyucader.com\/wp-content\/uploads\/2020\/02\/IMG_1094-150x150.jpg\" class=\"attachment-thumbnail size-thumbnail\" alt=\"\" decoding=\"async\" loading=\"lazy\" \/><\/a>\n\t\t\t<\/div><\/figure>\n\t\t<\/div>\n\t\t<\/div>\n\t\t\t\t<\/div>\n\t\t\t\t<\/div>\n\t\t\t\t\t\t<\/div>\n\t\t\t\t\t<\/div>\n\t\t<\/div>\n\t\t\t\t\t\t\t\t<\/div>\n\t\t\t\t\t<\/div>\n\t\t<\/section>\n\t\t\t\t\t\t<\/div>\n\t\t\t\t\t\t<\/div>\n\t\t\t\t\t<\/div>\n\t\t","protected":false},"excerpt":{"rendered":"<p>ARAFAT Kelime olarak \u201cbilme, anlama, tan\u0131ma\u201d ve \u201cg\u00fczel koku\u201d gibi m\u00e2nalara gelen bir k\u00f6kten t\u00fcremi\u015f olan arefe ve arafat\u0131n etimolojisi ve aralar\u0131ndaki anlam fark\u0131 konusunda de\u011fi\u015fik g\u00f6r\u00fc\u015fler ileri s\u00fcr\u00fclmekle birlikte, genel olarak arafat kelimesinin arefenin \u00e7o\u011fulu olmay\u0131p her ikisinin de tekil halinde ayn\u0131 yerin adlar\u0131 oldu\u011fu kabul edilmi\u015ftir. Bu yere Arafat ad\u0131n\u0131n verili\u015f sebebi kesin [&hellip;]<\/p>\n","protected":false},"author":1,"featured_media":0,"parent":0,"menu_order":0,"comment_status":"closed","ping_status":"closed","template":"","meta":[],"_links":{"self":[{"href":"https:\/\/yeni.elyucader.com\/index.php?rest_route=\/wp\/v2\/pages\/30"}],"collection":[{"href":"https:\/\/yeni.elyucader.com\/index.php?rest_route=\/wp\/v2\/pages"}],"about":[{"href":"https:\/\/yeni.elyucader.com\/index.php?rest_route=\/wp\/v2\/types\/page"}],"author":[{"embeddable":true,"href":"https:\/\/yeni.elyucader.com\/index.php?rest_route=\/wp\/v2\/users\/1"}],"replies":[{"embeddable":true,"href":"https:\/\/yeni.elyucader.com\/index.php?rest_route=%2Fwp%2Fv2%2Fcomments&post=30"}],"version-history":[{"count":15,"href":"https:\/\/yeni.elyucader.com\/index.php?rest_route=\/wp\/v2\/pages\/30\/revisions"}],"predecessor-version":[{"id":1129,"href":"https:\/\/yeni.elyucader.com\/index.php?rest_route=\/wp\/v2\/pages\/30\/revisions\/1129"}],"wp:attachment":[{"href":"https:\/\/yeni.elyucader.com\/index.php?rest_route=%2Fwp%2Fv2%2Fmedia&parent=30"}],"curies":[{"name":"wp","href":"https:\/\/api.w.org\/{rel}","templated":true}]}}