{"id":49,"date":"2020-01-06T17:56:37","date_gmt":"2020-01-06T14:56:37","guid":{"rendered":"http:\/\/localhost\/iyiakrep\/?page_id=49"},"modified":"2021-04-01T15:46:39","modified_gmt":"2021-04-01T12:46:39","slug":"hudeybiye","status":"publish","type":"page","link":"https:\/\/yeni.elyucader.com\/?page_id=49","title":{"rendered":"Hudeybiye"},"content":{"rendered":"\t\t<div data-elementor-type=\"wp-page\" data-elementor-id=\"49\" class=\"elementor elementor-49\" data-elementor-settings=\"[]\">\n\t\t\t\t\t\t<div class=\"elementor-inner\">\n\t\t\t\t\t\t\t<div class=\"elementor-section-wrap\">\n\t\t\t\t\t\t\t<section class=\"elementor-section elementor-top-section elementor-element elementor-element-e0f0912 elementor-section-stretched elementor-section-full_width elementor-section-height-full elementor-section-height-default elementor-section-items-middle\" data-id=\"e0f0912\" data-element_type=\"section\" data-settings=\"{&quot;stretch_section&quot;:&quot;section-stretched&quot;,&quot;background_background&quot;:&quot;classic&quot;}\">\n\t\t\t\t\t\t<div class=\"elementor-container elementor-column-gap-default\">\n\t\t\t\t\t\t\t<div class=\"elementor-row\">\n\t\t\t\t\t<div class=\"elementor-column elementor-col-100 elementor-top-column elementor-element elementor-element-6af0209\" data-id=\"6af0209\" data-element_type=\"column\">\n\t\t\t<div class=\"elementor-column-wrap elementor-element-populated\">\n\t\t\t\t\t\t\t<div class=\"elementor-widget-wrap\">\n\t\t\t\t\t\t<div class=\"elementor-element elementor-element-7eefc3e elementor-widget elementor-widget-heading\" data-id=\"7eefc3e\" data-element_type=\"widget\" data-widget_type=\"heading.default\">\n\t\t\t\t<div class=\"elementor-widget-container\">\n\t\t\t<h2 class=\"elementor-heading-title elementor-size-default\">HUDEYB\u0130YE<\/h2>\t\t<\/div>\n\t\t\t\t<\/div>\n\t\t\t\t\t\t<\/div>\n\t\t\t\t\t<\/div>\n\t\t<\/div>\n\t\t\t\t\t\t\t\t<\/div>\n\t\t\t\t\t<\/div>\n\t\t<\/section>\n\t\t\t\t<section class=\"elementor-section elementor-top-section elementor-element elementor-element-72e78d2 elementor-section-boxed elementor-section-height-default elementor-section-height-default\" data-id=\"72e78d2\" data-element_type=\"section\">\n\t\t\t\t\t\t<div class=\"elementor-container elementor-column-gap-default\">\n\t\t\t\t\t\t\t<div class=\"elementor-row\">\n\t\t\t\t\t<div class=\"elementor-column elementor-col-100 elementor-top-column elementor-element elementor-element-33ab4dd\" data-id=\"33ab4dd\" data-element_type=\"column\">\n\t\t\t<div class=\"elementor-column-wrap elementor-element-populated\">\n\t\t\t\t\t\t\t<div class=\"elementor-widget-wrap\">\n\t\t\t\t\t\t<div class=\"elementor-element elementor-element-c008766 elementor-widget elementor-widget-text-editor\" data-id=\"c008766\" data-element_type=\"widget\" data-widget_type=\"text-editor.default\">\n\t\t\t\t<div class=\"elementor-widget-container\">\n\t\t\t\t\t<div class=\"elementor-text-editor elementor-clearfix\"><p>Harem hudutlar\u0131 haricinde, Mescid-i Harama 22 km, \u015fu an \u015e\u00fcmeys diye isimlendirilen yerdir.<\/p>\n<p>Efendimiz\u2019in (S.A.V.) 1400 sahabe ile tam \u00fc\u00e7 hafta konaklad\u0131klar\u0131 bu yer son derece stratejik bir konuma sahiptir.<\/p>\n<p>\u00c7\u00fcnk\u00fc Mekke\u2019den gelecek herhangi bir ki\u015finin g\u00f6r\u00fcnmeden buraya yakla\u015fmas\u0131 m\u00fcmk\u00fcn de\u011fil. Peygamber Efendimiz (S.A.V.)\u2019in yerle\u015fme sonras\u0131nda ilk i\u015fi Mekke\u2019ye bir el\u00e7i g\u00f6ndererek niyetlerini aktarmak olur. Bu ama\u00e7la da Hz. Osman se\u00e7ilir.<\/p>\n<p>Buralara sava\u015fmak i\u00e7in de\u011fil sadece haccetmek i\u00e7in geldiklerini anlatmak \u00fczere Mekke\u2019ye do\u011fru yola \u00e7\u0131kan Hz. Osman\u2019\u0131n ayr\u0131lmas\u0131ndan bir s\u00fcre sonra \u201cM\u00fc\u015frikler Hz.Osman\u2019\u0131 \u015fehit ettiler!\u201d \u015feklinde ac\u0131 bir haber al\u0131n\u0131r. Bu haber sahabelerin aras\u0131nda bir infial meydana getirir.<\/p>\n<p>Peygamber Efendimiz (S.A.V.) orada bulunan bir a\u011fac\u0131n alt\u0131nda t\u00fcm sahabeden biat al\u0131r. Bu biata \u201cR\u0131dvan Biat\u0131\u201d denmektedir.<\/p>\n<p>Bir s\u00fcre sonra haberin as\u0131ls\u0131z oldu\u011fu anla\u015f\u0131l\u0131r ve Mekke\u2019den gelen el\u00e7iler ile g\u00f6r\u00fc\u015fmeler ba\u015flar. Gelen birka\u00e7 el\u00e7i ile anla\u015fmaya var\u0131lamaz. \u00c7\u00fcnk\u00fc hepsi de kendi kat\u0131 \u00e7izgilerinden taviz vermek istemezler.<\/p>\n<p>G\u00f6r\u00fc\u015fmelerin t\u0131kand\u0131\u011f\u0131 bir s\u0131rada Mekke y\u00f6n\u00fcnden g\u00f6r\u00fc\u015fme yapmak \u00fczere gelen bir ki\u015fi g\u00f6r\u00fcn\u00fcr. Peygamber Efendimiz (S.A.V.) gelen ki\u015finin kim oldu\u011funu sorar. \u201cS\u00fcheyl b. Amr\u201d derler. Efendimiz \u201c\u0130\u015fte anla\u015fmaya varabilecek bir ki\u015fi.\u201d diye mukabelede bulunur.<\/p>\n<p>Ger\u00e7ekten de S\u00fcheyl b. Amr bir\u00e7ok m\u00fc\u015frike g\u00f6re daha m\u00fclayim bir insand\u0131r. Nitekim g\u00f6r\u00fc\u015fmeler olumlu bir \u00e7izgide devam eder ve anla\u015fmaya var\u0131l\u0131r. Sadece birka\u00e7 konuda sinirler gerilmi\u015ftir.<\/p>\n<p>Bunlardan bir tanesi anla\u015fman\u0131n ba\u015f\u0131nda ge\u00e7en<\/p>\n<p>\u201cAllah\u2019\u0131n Resul\u00fc Muhammed\u201d ibaresidir.<\/p>\n<p>S\u00fcheyl \u201cBiz bunu kabul etseydik zaten bu anla\u015fmaya gerek kalmazd\u0131.\u201d der.<\/p>\n<p>Efendimiz maddeleri yazan Hz. Ali\u2019den bu ibareyi silmesini ister. Fakat Hz. Ali\u2019nin eli buna varmaz.<\/p>\n<p>Bunun \u00fczerine Peygamber Efendimiz (S.A.V.) bizzat kendi eli ile ibareyi silerek yerine \u201cAbdullah o\u011flu Muhammed\u201d yazd\u0131r\u0131r.<\/p>\n<p>Anla\u015fman\u0131n en kritik an\u0131 imza a\u015famas\u0131 olmu\u015ftur. \u00c7\u00fcnk\u00fc anla\u015fma hen\u00fcz imzalanm\u0131\u015ft\u0131 ki S\u00fcheyl b. Amr\u2019\u0131n o\u011flu Ebu Cendel, ellerinde zincirlerle \u00e7\u0131kageldi. Kendisini Peygamber Efendimiz (S.A.V.)\u2019in yan\u0131na at\u0131p \u201cKurtar beni ya Resulullah\u201d dedi. Babas\u0131 S\u00fcheyl, o\u011flunu \u0130sl\u00e2miyet ile \u015fereflendi diye zincire vurmu\u015ftu. Hz. Peygamber S\u00fcheyl\u2019den Ebu Cendel\u2019i kendisine vermesini istedi. Ama S\u00fcheyl bunu kabul etmedi. \u00c7\u00fcnk\u00fc anla\u015fma maddelerinden biri de \u201cM\u00fcsl\u00fcmanlardan bir ki\u015fi m\u00fc\u015friklere s\u0131\u011f\u0131n\u0131rsa geri verilmeyecek, fakat m\u00fc\u015friklerden bir ki\u015fi m\u00fcsl\u00fcman oldu\u011funda teslim edilecek.\u201d ibaresi idi. Peygamberimiz g\u00f6z ya\u015flar\u0131 i\u00e7inde Ebu Cendel\u2019i geri verdi. Ger\u00e7ekten de anla\u015fman\u0131n maddeleri g\u00f6r\u00fcn\u00fc\u015fte m\u00fcsl\u00fcmanlar\u0131n aleyhine gibiydi fakat kader bu maddeleri k\u0131sa bir s\u00fcre i\u00e7inde m\u00fcsl\u00fcmanlar\u0131n lehine \u00e7evirdi ve g\u00f6r\u00fclmemi\u015f bir f\u00fctuhat ger\u00e7ekle\u015fti.<\/p>\n<p>Hudeybiye\u2019nin en can al\u0131c\u0131 sahnelerinden birisi de buradaki \u00fc\u00e7 haftal\u0131k konaklaman\u0131n son g\u00fcnlerinde ya\u015fanan hadisedir. Anla\u015fmaya g\u00f6re o y\u0131l hac yap\u0131lmayacakt\u0131r.<\/p>\n<p>Efendimiz sahabelerine, kurbanlar\u0131n\u0131 kesmelerini, Mekke\u2019ye girmeden Medine\u2019ye geri d\u00f6neceklerini s\u00f6yler ancak sahabelerde hi\u00e7 hareket yoktur. Hi\u00e7biri kurban\u0131n\u0131 kesmeye y\u00f6nelmez.<\/p>\n<p>\u0130\u015fte tam bu s\u0131rada Efendimiz, \u00e7ad\u0131r\u0131na girer ve e\u015fi ile bu konuda isti\u015fare eder. Efendimiz\u2019in bu davran\u0131\u015f\u0131 bize \u00f6nemli bir hakikati anlatmaktad\u0131r. O ahl\u00e2k\u0131n en g\u00fczeli ile ahlaklanm\u0131\u015f oldu\u011fu i\u00e7in e\u015finin g\u00f6r\u00fc\u015flerine de\u011fer veren bir insand\u0131.&nbsp;<\/p><p>Nitekim e\u015fi de:&nbsp;<span style=\"font-size: 22px;\">\u201cSiz kurban\u0131n\u0131z\u0131 kesin ya Resulullah, sahabe sizi arkan\u0131zdan takip eder.\u201d der ve ger\u00e7ekten de Peygamber Efendimiz (S.A.V.)\u2019in kurban\u0131n\u0131 kesmesinden sonra t\u00fcm sahabeler kurbanlar\u0131n\u0131 kesmi\u015flerdir.&nbsp;<\/span><\/p><p><span style=\"font-size: 22px;\">O sene Kurbanlar kesilerek umre yap\u0131lmadan d\u00f6n\u00fcld\u00fc.<\/span><\/p><\/div>\n\t\t\t\t<\/div>\n\t\t\t\t<\/div>\n\t\t\t\t<div class=\"elementor-element elementor-element-163c24a gallery-spacing-custom elementor-widget elementor-widget-image-gallery\" data-id=\"163c24a\" data-element_type=\"widget\" data-widget_type=\"image-gallery.default\">\n\t\t\t\t<div class=\"elementor-widget-container\">\n\t\t\t\t\t<div class=\"elementor-image-gallery\">\n\t\t\t<div id='gallery-1' class='gallery galleryid-49 gallery-columns-4 gallery-size-thumbnail'><figure class='gallery-item'>\n\t\t\t<div class='gallery-icon landscape'>\n\t\t\t\t<a data-elementor-open-lightbox=\"yes\" data-elementor-lightbox-slideshow=\"163c24a\" data-elementor-lightbox-title=\"IMG_1344\" href='https:\/\/yeni.elyucader.com\/wp-content\/uploads\/2020\/02\/IMG_1344.jpg'><img width=\"150\" height=\"150\" src=\"https:\/\/yeni.elyucader.com\/wp-content\/uploads\/2020\/02\/IMG_1344-150x150.jpg\" class=\"attachment-thumbnail size-thumbnail\" alt=\"\" decoding=\"async\" loading=\"lazy\" \/><\/a>\n\t\t\t<\/div><\/figure><figure class='gallery-item'>\n\t\t\t<div class='gallery-icon landscape'>\n\t\t\t\t<a data-elementor-open-lightbox=\"yes\" data-elementor-lightbox-slideshow=\"163c24a\" data-elementor-lightbox-title=\"IMG_1345\" href='https:\/\/yeni.elyucader.com\/wp-content\/uploads\/2020\/02\/IMG_1345.jpg'><img width=\"150\" height=\"150\" src=\"https:\/\/yeni.elyucader.com\/wp-content\/uploads\/2020\/02\/IMG_1345-150x150.jpg\" class=\"attachment-thumbnail size-thumbnail\" alt=\"\" decoding=\"async\" loading=\"lazy\" \/><\/a>\n\t\t\t<\/div><\/figure><figure class='gallery-item'>\n\t\t\t<div class='gallery-icon portrait'>\n\t\t\t\t<a data-elementor-open-lightbox=\"yes\" data-elementor-lightbox-slideshow=\"163c24a\" data-elementor-lightbox-title=\"IMG_1346\" href='https:\/\/yeni.elyucader.com\/wp-content\/uploads\/2020\/02\/IMG_1346.jpg'><img width=\"150\" height=\"150\" src=\"https:\/\/yeni.elyucader.com\/wp-content\/uploads\/2020\/02\/IMG_1346-150x150.jpg\" class=\"attachment-thumbnail size-thumbnail\" alt=\"\" decoding=\"async\" loading=\"lazy\" \/><\/a>\n\t\t\t<\/div><\/figure><figure class='gallery-item'>\n\t\t\t<div class='gallery-icon portrait'>\n\t\t\t\t<a data-elementor-open-lightbox=\"yes\" data-elementor-lightbox-slideshow=\"163c24a\" data-elementor-lightbox-title=\"IMG_1358\" href='https:\/\/yeni.elyucader.com\/wp-content\/uploads\/2020\/02\/IMG_1358.jpg'><img width=\"150\" height=\"150\" src=\"https:\/\/yeni.elyucader.com\/wp-content\/uploads\/2020\/02\/IMG_1358-150x150.jpg\" class=\"attachment-thumbnail size-thumbnail\" alt=\"\" decoding=\"async\" loading=\"lazy\" \/><\/a>\n\t\t\t<\/div><\/figure>\n\t\t<\/div>\n\t\t<\/div>\n\t\t\t\t<\/div>\n\t\t\t\t<\/div>\n\t\t\t\t\t\t<\/div>\n\t\t\t\t\t<\/div>\n\t\t<\/div>\n\t\t\t\t\t\t\t\t<\/div>\n\t\t\t\t\t<\/div>\n\t\t<\/section>\n\t\t\t\t\t\t<\/div>\n\t\t\t\t\t\t<\/div>\n\t\t\t\t\t<\/div>\n\t\t","protected":false},"excerpt":{"rendered":"<p>HUDEYB\u0130YE Harem hudutlar\u0131 haricinde, Mescid-i Harama 22 km, \u015fu an \u015e\u00fcmeys diye isimlendirilen yerdir. Efendimiz\u2019in (S.A.V.) 1400 sahabe ile tam \u00fc\u00e7 hafta konaklad\u0131klar\u0131 bu yer son derece stratejik bir konuma sahiptir. \u00c7\u00fcnk\u00fc Mekke\u2019den gelecek herhangi bir ki\u015finin g\u00f6r\u00fcnmeden buraya yakla\u015fmas\u0131 m\u00fcmk\u00fcn de\u011fil. Peygamber Efendimiz (S.A.V.)\u2019in yerle\u015fme sonras\u0131nda ilk i\u015fi Mekke\u2019ye bir el\u00e7i g\u00f6ndererek niyetlerini aktarmak [&hellip;]<\/p>\n","protected":false},"author":1,"featured_media":0,"parent":0,"menu_order":0,"comment_status":"closed","ping_status":"closed","template":"","meta":[],"_links":{"self":[{"href":"https:\/\/yeni.elyucader.com\/index.php?rest_route=\/wp\/v2\/pages\/49"}],"collection":[{"href":"https:\/\/yeni.elyucader.com\/index.php?rest_route=\/wp\/v2\/pages"}],"about":[{"href":"https:\/\/yeni.elyucader.com\/index.php?rest_route=\/wp\/v2\/types\/page"}],"author":[{"embeddable":true,"href":"https:\/\/yeni.elyucader.com\/index.php?rest_route=\/wp\/v2\/users\/1"}],"replies":[{"embeddable":true,"href":"https:\/\/yeni.elyucader.com\/index.php?rest_route=%2Fwp%2Fv2%2Fcomments&post=49"}],"version-history":[{"count":16,"href":"https:\/\/yeni.elyucader.com\/index.php?rest_route=\/wp\/v2\/pages\/49\/revisions"}],"predecessor-version":[{"id":1077,"href":"https:\/\/yeni.elyucader.com\/index.php?rest_route=\/wp\/v2\/pages\/49\/revisions\/1077"}],"wp:attachment":[{"href":"https:\/\/yeni.elyucader.com\/index.php?rest_route=%2Fwp%2Fv2%2Fmedia&parent=49"}],"curies":[{"name":"wp","href":"https:\/\/api.w.org\/{rel}","templated":true}]}}