{"id":63,"date":"2020-01-06T18:00:39","date_gmt":"2020-01-06T15:00:39","guid":{"rendered":"http:\/\/localhost\/iyiakrep\/?page_id=63"},"modified":"2021-08-04T00:45:46","modified_gmt":"2021-08-03T21:45:46","slug":"cennet-ul-baki","status":"publish","type":"page","link":"https:\/\/yeni.elyucader.com\/?page_id=63","title":{"rendered":"Cennet-\u00fcl Baki"},"content":{"rendered":"\t\t<div data-elementor-type=\"wp-page\" data-elementor-id=\"63\" class=\"elementor elementor-63\" data-elementor-settings=\"[]\">\n\t\t\t\t\t\t<div class=\"elementor-inner\">\n\t\t\t\t\t\t\t<div class=\"elementor-section-wrap\">\n\t\t\t\t\t\t\t<section class=\"elementor-section elementor-top-section elementor-element elementor-element-88fe4f1 elementor-section-stretched elementor-section-full_width elementor-section-height-full elementor-section-height-default elementor-section-items-middle\" data-id=\"88fe4f1\" data-element_type=\"section\" data-settings=\"{&quot;stretch_section&quot;:&quot;section-stretched&quot;,&quot;background_background&quot;:&quot;classic&quot;}\">\n\t\t\t\t\t\t<div class=\"elementor-container elementor-column-gap-default\">\n\t\t\t\t\t\t\t<div class=\"elementor-row\">\n\t\t\t\t\t<div class=\"elementor-column elementor-col-100 elementor-top-column elementor-element elementor-element-9a9fb96\" data-id=\"9a9fb96\" data-element_type=\"column\">\n\t\t\t<div class=\"elementor-column-wrap elementor-element-populated\">\n\t\t\t\t\t\t\t<div class=\"elementor-widget-wrap\">\n\t\t\t\t\t\t<div class=\"elementor-element elementor-element-9c775a2 elementor-widget elementor-widget-heading\" data-id=\"9c775a2\" data-element_type=\"widget\" data-widget_type=\"heading.default\">\n\t\t\t\t<div class=\"elementor-widget-container\">\n\t\t\t<h2 class=\"elementor-heading-title elementor-size-default\">CENNET-\u00dcL BAK\u0130<\/h2>\t\t<\/div>\n\t\t\t\t<\/div>\n\t\t\t\t\t\t<\/div>\n\t\t\t\t\t<\/div>\n\t\t<\/div>\n\t\t\t\t\t\t\t\t<\/div>\n\t\t\t\t\t<\/div>\n\t\t<\/section>\n\t\t\t\t<section class=\"elementor-section elementor-top-section elementor-element elementor-element-edaed5a elementor-section-boxed elementor-section-height-default elementor-section-height-default\" data-id=\"edaed5a\" data-element_type=\"section\">\n\t\t\t\t\t\t<div class=\"elementor-container elementor-column-gap-default\">\n\t\t\t\t\t\t\t<div class=\"elementor-row\">\n\t\t\t\t\t<div class=\"elementor-column elementor-col-100 elementor-top-column elementor-element elementor-element-1038be1\" data-id=\"1038be1\" data-element_type=\"column\">\n\t\t\t<div class=\"elementor-column-wrap elementor-element-populated\">\n\t\t\t\t\t\t\t<div class=\"elementor-widget-wrap\">\n\t\t\t\t\t\t<div class=\"elementor-element elementor-element-f2e1505 elementor-widget elementor-widget-text-editor\" data-id=\"f2e1505\" data-element_type=\"widget\" data-widget_type=\"text-editor.default\">\n\t\t\t\t<div class=\"elementor-widget-container\">\n\t\t\t\t\t<div class=\"elementor-text-editor elementor-clearfix\"><p><span style=\"color: #137934;\"><strong>BU RES\u0130ME BAKINCA NE H\u0130SSED\u0130YORSUNUZ?<\/strong><\/span><\/p><p><span style=\"color: #137934;\">Ben hissettiklerimi s\u00f6yleyeyim. Ben bu resmi ilk g\u00f6rd\u00fc\u011f\u00fcmde uzun uzun bakt\u0131m. Bir anda orada Cennet\u00fc\u2019l Baki\u2019de defnedilmeyi diledim ve bunun i\u00e7in dua ettim. Bir anda i\u00e7imde bir huzur, kalbimde bir s\u0131cakl\u0131k hissettim. O ne g\u00fczel bir manzara Cennet\u2019\u00fcl Baki mezarl\u0131\u011f\u0131 ve arkas\u0131nda En Sevgili. Allah C.C.\u2019nin \u201c<strong>Sen olmasayd\u0131n ben kainat\u0131 yaratmazd\u0131m\u201d dedi\u011fi ve Enbiya Suresi 107.Ayet\u2019te \u201cBiz seni ancak alemlere rahmet olarak g\u00f6nderdik\u201d . (Enbiya Suresi 107.Ayet) dedi\u011fi Peygamber Efendimiz Hz.Muhammed (S.A.V.).<\/strong><\/span><\/p><p><span style=\"color: #137934;\">Ben g\u00fcnahkar fakir, G\u00fcnah denizinin i\u00e7inde yapt\u0131\u011f\u0131m ibadetler ile Allah CC\u2019nin r\u0131zas\u0131n\u0131 kazanma yolunda ne kadar ba\u015far\u0131l\u0131 oluyorum, ba\u015far\u0131l\u0131 olmay\u0131 b\u0131rak\u0131n yapt\u0131\u011f\u0131m dedi\u011fim ibadetlerimi acaba hakk\u0131yla yapabildim mi? Her namazdan sonra \u201cAllah\u2019\u0131m hay\u0131rl\u0131 \u00f6m\u00fcr ve hay\u0131rl\u0131 \u00f6l\u00fcm nasip eyle (Amin)\u201d diye dua ederek af dilemek, b\u0131kmadan her defas\u0131nda \u0131srarla af dilemek ba\u015fka bir se\u00e7ene\u011fimiz yok.\u00a0<\/span><\/p><p><span style=\"color: #137934;\">Bunlar\u0131 d\u00fc\u015f\u00fcn\u00fcrken bir akl\u0131ma<strong> O Sevgilinin s\u00f6z\u00fc geliyor:<\/strong>\u00a0<\/span><\/p><p><span style=\"color: #137934;\"><strong>&#8220;Kimin g\u00fcc\u00fc yeterse Medine&#8217;de \u00f6ls\u00fcn. (Bana kom\u015fu olsun) \u00e7\u00fcnk\u00fc ben Medine&#8217;de \u00f6lene mutlaka \u015fefaat ve \u015fehadet edece\u011fim.&#8221;\u00a0<\/strong><\/span><\/p><p><span style=\"color: #137934;\">Bu ne g\u00fczel bir haber, ne g\u00fczel bir m\u00fcjde. Bu hadisin sahih olmad\u0131\u011f\u0131n\u0131 s\u00f6yleyenler \u00e7\u0131kacak, s\u00f6ylesinler.\u00a0<\/span><\/p><p><span style=\"color: #137934;\">Enfal Suresi 33. Ayette <strong>\u201cHalbuki sen onlar\u0131n i\u00e7inde iken Allah, onlara azap edecek de\u011fildir. Ve onlar ma\u011ffiret dilerlerken de Allah onlara azap edici de\u011fildir.\u201d<\/strong>diyor y\u00fcce yaratan.\u00a0<\/span><\/p><p><span style=\"color: #137934;\">\u015eimdi diyeceksiniz ki ikisinin bir biri ile alakas\u0131 ne? Olmayabilir, benimle birlikte hayal edin, Hz. \u0130brahim\u2019in \u00e7a\u011fr\u0131s\u0131na\u00a0<\/span><\/p><p><span style=\"color: #137934;\"><strong>\u201cLebbeyk, Allah\u00fcmme lebbeyk, lebbeyke la \u015ferike leke lebbeyk \u0130nne&#8217;l-hamde ve&#8217;n-ni&#8217;mete leke ve&#8217;l-m\u00fclk la \u015ferike lek\u201d<\/strong>\u00a0<\/span><\/p><p><span style=\"color: #137934;\"><strong>\u201cBuyur Allah\u0131m buyur! Emrindeyim buyur! Senin hi\u00e7bir orta\u011f\u0131n yoktur. Emrindeyim buyur! \u015e\u00fcphesiz hamd sana mahsustur. Nimet de senin, m\u00fclk de senindir. Senin hi\u00e7bir orta\u011f\u0131n yoktur.\u201d<\/strong>\u00a0<\/span><\/p><p><span style=\"color: #137934;\">diyerek cevap veren ve nefsini yenip kutsal topraklara giden bu g\u00fcnahkara Medine\u2019de \u00f6lmek nasip oldu ve\u00a0 Cennet\u2019\u00fcl Baki\u2019ye defnettiler ve Allah Resul\u00fcne kom\u015fu oldu. Benim i\u00e7in bundan daha b\u00fcy\u00fck bir l\u00fctuf olabilir mi? \u00dcmmetim \u00dcmmetim diye Allah\u2019a yalvaran bir Peygamber\u2019in \u00fcmmeti olmak i\u00e7in \u00e7al\u0131\u015fan ve ona misafir olan bir ki\u015fiye, <strong>\u201cBenim Rahmetim Gazab\u0131m\u0131 ge\u00e7mi\u015ftir\u201d<\/strong> diyen Y\u00fcce Allah kabirde onun yan\u0131nda azap eder mi?<\/span><\/p><p><span style=\"color: #137934;\">Ebu Hureyre (R.A.) \u015f\u00f6yle dedi:<\/span><br \/><span style=\"color: #137934;\">\u201cResulullah (S.A.V.).bir mezarl\u0131\u011fa gitti ve:<\/span><br \/><span style=\"color: #137934;\"><em>\u2018Selam sizlere ey m\u00fc\u2019min topluluklar yurdunun sakinleri! \u015e\u00fcphesiz bizler de in\u015fallah size kavu\u015faca\u011f\u0131z\u2019<\/em> dedi, sonra Resulullah (S.A.V.).:<\/span><br \/><span style=\"color: #137934;\"><em>\u2018Ke\u015fke biz karde\u015flerimizi g\u00f6rseydik diye arzu ettim\u2019<\/em> dedi. Sahabeler:<\/span><br \/><span style=\"color: #137934;\">\u2212Ey Allah\u2019\u0131n Rasul\u00fc! Biz senin karde\u015flerin de\u011fil miyiz? diye sordular! Resulullah (S.A.V.).:<\/span><br \/><span style=\"color: #137934;\"><em>\u2212\u2018Hay\u0131r, siz benim ashab\u0131ms\u0131n\u0131z. Karde\u015flerimiz ise, daha sonra gelecek olanlard\u0131r. Ben, onlardan \u00f6nce havuzun ba\u015f\u0131na varm\u0131\u015f olaca\u011f\u0131m\u2019<\/em> dedi. Sahabeler:<\/span><br \/><span style=\"color: #137934;\">\u2212Ey Allah\u2019\u0131n Resul\u00fc! Hen\u00fcz senin \u00fcmmetinden gelmemi\u015f olanlar\u0131 nas\u0131l tan\u0131yacaks\u0131n? diye sordular! Resulullah (S.A.V.).:<\/span><br \/><span style=\"color: #137934;\"><em>\u2212\u2018Sizden herhangi bir adam\u0131n, aln\u0131nda ve ayaklar\u0131nda beyazl\u0131klar\u0131 bulunan atlar\u0131 olsa ve bu adam\u0131n atlar\u0131 siyah atlar aras\u0131nda bulunsa, adam kendi atlar\u0131n\u0131 tan\u0131maz m\u0131?\u2019<\/em> dedi. Sahabeler:<\/span><br \/><span style=\"color: #137934;\">\u2212Elbette tan\u0131r, ey Allah\u2019\u0131n Resul\u00fc! dediler. Resulullah (S.A.V.).:<\/span><br \/><span style=\"color: #137934;\"><em>\u2212\u2018Onlar k\u0131yamet g\u00fcn\u00fcnde abdest almalar\u0131ndan dolay\u0131 al\u0131nlar\u0131, kollar\u0131 ve ayaklar\u0131 parlak geleceklerdir.\u2019<\/em><\/span><\/p><p><span style=\"color: #137934;\"><em>Ey Sevgili, b<\/em>u d\u00fcnyada Senin \u00fcmmetin olma yolunda kaplumba\u011fa misali ilerlemeye \u00e7al\u0131\u015fan bu fakir haddim olmayarak g\u00f6rmeyi arzu etti\u011fin karde\u015fin olarak seni ziyarete geldim.<\/span><\/p><p><span style=\"color: #137934;\">Ey Sevgili bu duama icabet et.<\/span><\/p><p><span style=\"color: #ff0000;\"><strong>&#8220;Ey Allah! Resul\u00fcn\u00fcn hat\u0131r\u0131na, Ben \u0130lahl\u0131\u011f\u0131n\u0131n azameti h\u00fcrmetine, Rabli\u011finin s\u0131rlar\u0131 bah\u015f\u0131na, daimi izzetin hat\u0131r\u0131na, \u015fekilden ve benzerden m\u00fcnezzeh olan Zat&#8217;\u0131n hakk\u0131 i\u00e7in, (erkeklik-di\u015filik ve g\u00fcnah i\u015flemek gibi be\u015feri vas\u0131flardan uzak ve) \u00fcst\u00fcn s\u0131fat sahibi melaiken h\u00fcrmetine, kendisini nurlar\u0131n kaplad\u0131\u011f\u0131 Ar\u015f\u0131n&#8217;\u0131n ve onda bulunan s\u0131rlar bah\u015f\u0131 hakk\u0131 i\u00e7in Senden dilerim ki bana inan\u00e7ta ve amelde istikamet bah\u015fedesin, dinin ve Ehl-i S\u00fcnnet ve Cemaat itikad\u0131 \u00fczere Taybe (Medine)&#8217;de \u00f6lmeyi nasip edesin.&#8221;\u00a0<\/strong><\/span><span style=\"color: #ff0000;\"><strong>AM\u0130N AM\u0130N AM\u0130N<\/strong><\/span><\/p><p><br \/><span style=\"color: #137934;\"><strong>Ramazan AYC\u0130L<\/strong><\/span><\/p><\/div>\n\t\t\t\t<\/div>\n\t\t\t\t<\/div>\n\t\t\t\t<div class=\"elementor-element elementor-element-32929f5 elementor-widget elementor-widget-text-editor\" data-id=\"32929f5\" data-element_type=\"widget\" data-widget_type=\"text-editor.default\">\n\t\t\t\t<div class=\"elementor-widget-container\">\n\t\t\t\t\t<div class=\"elementor-text-editor elementor-clearfix\"><p>\u00a0<\/p><p><strong>CENNET\u00dc&#8217;L BAK\u0130<\/strong><\/p><p>Mescid-i Nebevi&#8217;nin do\u011fu taraf\u0131ndad\u0131r. Resulullah (S.A.V.), Medine&#8217;ye hicretten sonra &#8220;Gar\u011fad&#8221; a\u011fa\u00e7lar\u0131 ile kapl\u0131 olan bu yeri &#8220;Cennet\u00fc&#8217;l Baki&#8221; ad\u0131yla me\u015fhur olacak olan kabristanl\u0131k haline getirmi\u015ftir. Buraya ilk olarak Peygamberimizin s\u00fct karde\u015fi &#8220;Osman \u0130bn-i Maz&#8217;un&#8221; defnedilmi\u015ftir. Cennet\u00fc&#8217;l Baki&#8217;ye Ehl-i Beyt&#8217;in ileri gelenlerinin yan\u0131nda bir\u00e7ok sahabi ve tabiin neslinden pek \u00e7ok kimse defnedilmi\u015ftir. Geni\u015fletmelerle birlikte g\u00fcn\u00fcm\u00fczde 180.000 m<sup>2<\/sup>&#8216;ye ula\u015fan Cennet\u00fc&#8217;l Baki halen Medine mezarl\u0131\u011f\u0131 olarak kullan\u0131lmaktad\u0131r.<\/p><p>Baki Kabristanl\u0131\u011f\u0131&#8217;nda ba\u015fta \u00fc\u00e7\u00fcnc\u00fc halife Hazreti Osman (R.A.) olmak \u00fczere, Peygamber Efendimiz (S.A.V.)&#8217;in amcas\u0131 Hz. Abbas, halalar\u0131, k\u0131zlar\u0131, m\u00fcbarek zevceleri, o\u011flu \u0130brahim, torunu Hz. Hasan, S\u00fct annesi, Hz. Ali&#8217;nin annesi ve karde\u015fi, on bin civar\u0131nda sahabe, tabiinden bir \u00e7ok zevat, g\u00fcn\u00fcm\u00fcze kadar bir \u00e7ok evliya medfundur.<\/p><p>Hz. Ai\u015fe\u2019nin rivayetine g\u00f6re Resulullah zaman zaman Cennet\u00fc&#8217;l Bak\u012b&#8217;ye gider ve orada medfun bulunanlara dua ederdi. Baz\u0131 cenaze namazlar\u0131n\u0131 burada k\u0131ld\u0131r\u0131rd\u0131. Habe\u015fistan h\u00fck\u00fcmdar\u0131 Ashame&#8217;nin g\u0131yabi cenaze namaz\u0131n\u0131 da Baki&#8217;de k\u0131ld\u0131rm\u0131\u015ft\u0131. Bazen ordular\u0131n\u0131 buradan sefere u\u011furlard\u0131.<\/p><p>1806 y\u0131l\u0131nda Suud b. Abd\u00fclaziz Medine-i M\u00fcnevvere&#8217;yi istila edince Cennet\u00fc&#8217;l Baki\u2018deki mezar ta\u015flar\u0131n\u0131 ve t\u00fcrbeleri y\u0131kt\u0131rd\u0131; II. Abd\u00fclhamid bunlar\u0131 yeniden yapt\u0131rm\u0131\u015fsa da 1926&#8217;da Suudiler&#8217;den Abd\u00fclaziz b. Suud t\u00fcrbe ve mezarlar\u0131 yeniden y\u0131kt\u0131rm\u0131\u015ft\u0131r. Bug\u00fcn hi\u00e7bir t\u00fcrbe ve mezar ta\u015f\u0131n\u0131n bulunmad\u0131\u011f\u0131 Baki yine mezarl\u0131k olarak kullan\u0131lmaktad\u0131r.<\/p><p>Baki ehlini ziyaret m\u00fcstehapt\u0131r.<\/p><\/div>\n\t\t\t\t<\/div>\n\t\t\t\t<\/div>\n\t\t\t\t<div class=\"elementor-element elementor-element-8d0d68e elementor-widget elementor-widget-image\" data-id=\"8d0d68e\" data-element_type=\"widget\" data-widget_type=\"image.default\">\n\t\t\t\t<div class=\"elementor-widget-container\">\n\t\t\t\t\t<div class=\"elementor-image\">\n\t\t\t\t\t\t\t\t\t\t<img width=\"400\" height=\"106\" src=\"https:\/\/yeni.elyucader.com\/wp-content\/uploads\/2020\/03\/dini_motif-islamic_muy7kaq_2.jpg\" class=\"attachment-large size-large\" alt=\"\" decoding=\"async\" loading=\"lazy\" srcset=\"https:\/\/yeni.elyucader.com\/wp-content\/uploads\/2020\/03\/dini_motif-islamic_muy7kaq_2.jpg 400w, https:\/\/yeni.elyucader.com\/wp-content\/uploads\/2020\/03\/dini_motif-islamic_muy7kaq_2-300x80.jpg 300w\" sizes=\"(max-width: 400px) 100vw, 400px\" \/>\t\t\t\t\t\t\t\t\t\t\t<\/div>\n\t\t\t\t<\/div>\n\t\t\t\t<\/div>\n\t\t\t\t<div class=\"elementor-element elementor-element-f061108 elementor-widget elementor-widget-text-editor\" data-id=\"f061108\" data-element_type=\"widget\" data-widget_type=\"text-editor.default\">\n\t\t\t\t<div class=\"elementor-widget-container\">\n\t\t\t\t\t<div class=\"elementor-text-editor elementor-clearfix\"><p style=\"text-align: center;\"><strong><br><\/strong><\/p><p style=\"text-align: center;\"><strong><br><\/strong><\/p><p style=\"text-align: center;\"><strong>HZ. OSMAN (R.A.) KABR\u0130<\/strong><\/p><\/div>\n\t\t\t\t<\/div>\n\t\t\t\t<\/div>\n\t\t\t\t<div class=\"elementor-element elementor-element-004bd7a elementor-widget elementor-widget-image\" data-id=\"004bd7a\" data-element_type=\"widget\" data-widget_type=\"image.default\">\n\t\t\t\t<div class=\"elementor-widget-container\">\n\t\t\t\t\t<div class=\"elementor-image\">\n\t\t\t\t\t\t\t\t\t\t<img width=\"1024\" height=\"768\" src=\"https:\/\/yeni.elyucader.com\/wp-content\/uploads\/2020\/02\/IMG_1443.jpg\" class=\"attachment-large size-large\" alt=\"\" decoding=\"async\" loading=\"lazy\" srcset=\"https:\/\/yeni.elyucader.com\/wp-content\/uploads\/2020\/02\/IMG_1443.jpg 1024w, https:\/\/yeni.elyucader.com\/wp-content\/uploads\/2020\/02\/IMG_1443-300x225.jpg 300w, https:\/\/yeni.elyucader.com\/wp-content\/uploads\/2020\/02\/IMG_1443-768x576.jpg 768w\" sizes=\"(max-width: 1024px) 100vw, 1024px\" \/>\t\t\t\t\t\t\t\t\t\t\t<\/div>\n\t\t\t\t<\/div>\n\t\t\t\t<\/div>\n\t\t\t\t<div class=\"elementor-element elementor-element-39d5b4c elementor-widget elementor-widget-text-editor\" data-id=\"39d5b4c\" data-element_type=\"widget\" data-widget_type=\"text-editor.default\">\n\t\t\t\t<div class=\"elementor-widget-container\">\n\t\t\t\t\t<div class=\"elementor-text-editor elementor-clearfix\"><p style=\"text-align: center;\"><strong>\u00a0<span style=\"font-size: 22px;\">\u0130LK M\u00dcSL\u00dcMANLARDAN, HULEFA-Y\u0130 RA\u015e\u0130D\u0130N\u2019\u0130N \u00dc\u00c7\u00dcNC\u00dcS\u00dc<\/span><\/strong><\/p><p>Hz. Osman \u0130slam&#8217;\u0131n d\u00f6rt halifesinden birisidir. Gerek ya\u015fay\u0131\u015f bi\u00e7imi, \u0130slam ile yo\u011frulmu\u015f g\u00fczel ahlak\u0131 ile \u00fcmmete \u00f6rnek olmu\u015f bir halifedir.<\/p><p>Hz. Osman (R.A), iffet ve haya y\u00f6n\u00fcnden de \u00f6rnek bir \u015fahsiyettir. Allah Res\u00fbl\u00fc (s.a.v), meleklerin bile ondan haya etti\u011fini haber vermi\u015ftir<\/p><p>Birinci han\u0131m\u0131 Hz. Rukiye (R.A) vefat edince, Allah Res\u00fbl\u00fc (s.a.v) onu di\u011fer k\u0131z\u0131 Hz. \u00dcmm\u00fc G\u00fcls\u00fcm (R.A) ile evlendirdi. \u0130nsanl\u0131k tarihi boyunca Hz. Osman\u2019dan ba\u015fka hi\u00e7 kimse bir Peygamberin iki k\u0131z\u0131yla da evlenmemi\u015ftir. Bu sebeple Hz. Osman\u2019a, \u201ciki nur sahibi\u201d manas\u0131na Zinnureyn lakab\u0131 verilmi\u015ftir. Hicretin 9. senesinde \u00dcmm\u00fc G\u00fcls\u00fcm (R.A) da vefat etti<\/p><p>Hz. Osman (R.A) seferlerine devam ederken asiler taraf\u0131ndan tutsak edildi. Yakla\u015f\u0131k olarak 22 g\u00fcn tutsak edilen Hz. Osman (R.A) Medine&#8217;de \u015fehit edildi. \u0130slam davas\u0131 yolunda \u015fehit olan Hz. Osman&#8217;\u0131n bedeni yak\u0131nlar\u0131 taraf\u0131ndan gizlice defnedilmi\u015ftir. Hz. Osman (R.A) \u015fehit edildikten sonra \u0130slam devletinde bir d\u00f6n\u00fcm noktas\u0131 meydana gelmi\u015ftir. \u0130slam devletinde bu d\u00f6nem pek \u00e7ok i\u00e7 kar\u0131\u015f\u0131kl\u0131k ya\u015fam\u0131\u015ft\u0131r. \u0130slam devleti y\u00f6netimi sars\u0131lm\u0131\u015ft\u0131r.<\/p><p><strong>Hz. Osman&#8217;\u0131n S\u00f6zleri<\/strong><\/p><p>&#8221; Her kimsenin d\u00fcnyada bir zindan\u0131 olursa o ki\u015fi kabir hayat\u0131 boyunca rahat eder.&#8221;<\/p><p>&#8221; Kulluk etmek haram ve helal s\u0131n\u0131rlar\u0131n\u0131 muhafaza etmektir.&#8221;<\/p><p>&#8221; Kulluk etmek mevcut olana raz\u0131 olmakt\u0131r, olmayana da sab\u0131r etmektir.&#8221;<\/p><p>&#8221; D\u00fcnya&#8217;da ki en b\u00fcy\u00fck kay\u0131p uzun bir \u00f6m\u00fcr ya\u015fay\u0131p, ahiret i\u00e7in bir az\u0131k haz\u0131rlamamakt\u0131r.&#8221;<\/p><p>&#8221; Ey \u0130nsano\u011flu! Do\u011fumundan \u00f6l\u00fcm\u00fcne kadar Azrail her daim pe\u015finde olacakt\u0131r. Sen d\u00fcnyada bulundu\u011fun s\u00fcre zarf\u0131 boyunca da bu hep b\u00f6yle olacakt\u0131r. &#8220;<\/p><p>&#8221; \u00d6yle ki d\u00fcnya hayat\u0131 fani ahiret hayat\u0131 ise bakidir. &#8220;<\/p><p>&#8221; Fani hayat sizi \u015f\u0131martmas\u0131n baki hayattan al\u0131koymas\u0131n. &#8220;<\/p><p>&#8221; D\u00fcnyan\u0131n sonu vard\u0131r, Allah&#8217;tan korkunuz ve ona y\u00f6neliniz. &#8220;<\/p><p>&#8221; Baki olan hayat\u0131 fani olan hayata tercih ediniz. &#8220;<\/p><\/div>\n\t\t\t\t<\/div>\n\t\t\t\t<\/div>\n\t\t\t\t<div class=\"elementor-element elementor-element-9c0e197 elementor-widget elementor-widget-image\" data-id=\"9c0e197\" data-element_type=\"widget\" data-widget_type=\"image.default\">\n\t\t\t\t<div class=\"elementor-widget-container\">\n\t\t\t\t\t<div class=\"elementor-image\">\n\t\t\t\t\t\t\t\t\t\t<img width=\"400\" height=\"106\" src=\"https:\/\/yeni.elyucader.com\/wp-content\/uploads\/2020\/03\/dini_motif-islamic_muy7kaq_2.jpg\" class=\"attachment-large size-large\" alt=\"\" decoding=\"async\" loading=\"lazy\" srcset=\"https:\/\/yeni.elyucader.com\/wp-content\/uploads\/2020\/03\/dini_motif-islamic_muy7kaq_2.jpg 400w, https:\/\/yeni.elyucader.com\/wp-content\/uploads\/2020\/03\/dini_motif-islamic_muy7kaq_2-300x80.jpg 300w\" sizes=\"(max-width: 400px) 100vw, 400px\" \/>\t\t\t\t\t\t\t\t\t\t\t<\/div>\n\t\t\t\t<\/div>\n\t\t\t\t<\/div>\n\t\t\t\t<div class=\"elementor-element elementor-element-de276c1 elementor-widget elementor-widget-text-editor\" data-id=\"de276c1\" data-element_type=\"widget\" data-widget_type=\"text-editor.default\">\n\t\t\t\t<div class=\"elementor-widget-container\">\n\t\t\t\t\t<div class=\"elementor-text-editor elementor-clearfix\"><p>\u00a0<\/p><p>\u00a0<\/p><p><strong>HZ. HAL\u0130ME (R.A.) KABR\u0130<\/strong><\/p><\/div>\n\t\t\t\t<\/div>\n\t\t\t\t<\/div>\n\t\t\t\t<div class=\"elementor-element elementor-element-3e29874 elementor-widget elementor-widget-image\" data-id=\"3e29874\" data-element_type=\"widget\" data-widget_type=\"image.default\">\n\t\t\t\t<div class=\"elementor-widget-container\">\n\t\t\t\t\t<div class=\"elementor-image\">\n\t\t\t\t\t\t\t\t\t\t<img width=\"1024\" height=\"768\" src=\"https:\/\/yeni.elyucader.com\/wp-content\/uploads\/2020\/02\/IMG_1444.jpg\" class=\"attachment-large size-large\" alt=\"\" decoding=\"async\" loading=\"lazy\" srcset=\"https:\/\/yeni.elyucader.com\/wp-content\/uploads\/2020\/02\/IMG_1444.jpg 1024w, https:\/\/yeni.elyucader.com\/wp-content\/uploads\/2020\/02\/IMG_1444-300x225.jpg 300w, https:\/\/yeni.elyucader.com\/wp-content\/uploads\/2020\/02\/IMG_1444-768x576.jpg 768w\" sizes=\"(max-width: 1024px) 100vw, 1024px\" \/>\t\t\t\t\t\t\t\t\t\t\t<\/div>\n\t\t\t\t<\/div>\n\t\t\t\t<\/div>\n\t\t\t\t<div class=\"elementor-element elementor-element-77875b1 elementor-widget elementor-widget-text-editor\" data-id=\"77875b1\" data-element_type=\"widget\" data-widget_type=\"text-editor.default\">\n\t\t\t\t<div class=\"elementor-widget-container\">\n\t\t\t\t\t<div class=\"elementor-text-editor elementor-clearfix\"><p>Hazret-i Halime (R.A) ad\u0131 g\u00fczel kendi g\u00fczel Hz. Muhammed\u2019i (S.A.V.) tam iki sene emziren, onun yeti\u015fip b\u00fcy\u00fcmesinde eme\u011fi ge\u00e7en, onu tehlikelere kar\u015f\u0131 koruyan ve nur bedeninin geli\u015fmesi, g\u00fcrb\u00fczle\u015fmesi ve sa\u011fl\u0131kl\u0131 olmas\u0131 i\u00e7in gayret eden, \u00e7\u0131rp\u0131nan bir anne!.. Sab\u0131rl\u0131, \u015fefkatli, merhametli davran\u0131\u015flar\u0131yla ve sevgi dolu bak\u0131\u015flar\u0131yla onu yediren, i\u00e7iren, uyutan, hizmetini g\u00f6ren, b\u00fcy\u00fck bir a\u015fk ve \u015fevk i\u00e7erisinde b\u00fcy\u00fctmeye \u00e7al\u0131\u015fan, eme\u011fini esirgemeyen bir s\u00fct anne!..<\/p><p>Hz. Halime (R.A) Mekke civar\u0131nda oturan Hevazin kabilesinin Beni Sa\u2019d bin Bekir koluna mensuptur. \u00dcmm\u00fc Keb\u015fe k\u00fcnyesiyle an\u0131l\u0131r. Babas\u0131n\u0131n ad\u0131 Ebi Z\u00fceyb es-Sa\u2019di\u2019dir. Ayn\u0131 kabileden Haris bin Abd\u00fcluzza ile evlenmi\u015ftir. Bu evlilikten Abdullah, Uneyse ve \u015eeyma ad\u0131nda \u00fc\u00e7 \u00e7ocuklar\u0131 d\u00fcnyaya gelmi\u015ftir. Gelece\u011fin Peygamberi Kainat\u0131n Efendisi Muhammed (S.A.V.) de onlar\u0131n s\u00fct karde\u015fi olmu\u015ftur.<\/p><p>Sonraki y\u0131llarda m\u00fcsl\u00fcman olma \u015ferefine eren Hz. Halime (R.A) Medine-i M\u00fcnevvere\u2019de vefat eyledi. Cennet-i Baki\u2019a kabristanl\u0131\u011f\u0131na defnedildi.<\/p><p>Cenab-\u0131 Hak\u2019tan isteyen herkese kabrini ziyaret edip;\u201cEsselam \u00fc aleyke Ya Halime-i Sa\u2019diyye! Ya marzaten-Nebi!\u201d diye selam verebilmeyi ve \u015fefaatlerine erebilmeyi niyaz ederiz. Amin.<\/p><\/div>\n\t\t\t\t<\/div>\n\t\t\t\t<\/div>\n\t\t\t\t<div class=\"elementor-element elementor-element-301b573 elementor-widget elementor-widget-image\" data-id=\"301b573\" data-element_type=\"widget\" data-widget_type=\"image.default\">\n\t\t\t\t<div class=\"elementor-widget-container\">\n\t\t\t\t\t<div class=\"elementor-image\">\n\t\t\t\t\t\t\t\t\t\t<img width=\"400\" height=\"106\" src=\"https:\/\/yeni.elyucader.com\/wp-content\/uploads\/2020\/03\/dini_motif-islamic_muy7kaq_2.jpg\" class=\"attachment-large size-large\" alt=\"\" decoding=\"async\" loading=\"lazy\" srcset=\"https:\/\/yeni.elyucader.com\/wp-content\/uploads\/2020\/03\/dini_motif-islamic_muy7kaq_2.jpg 400w, https:\/\/yeni.elyucader.com\/wp-content\/uploads\/2020\/03\/dini_motif-islamic_muy7kaq_2-300x80.jpg 300w\" sizes=\"(max-width: 400px) 100vw, 400px\" \/>\t\t\t\t\t\t\t\t\t\t\t<\/div>\n\t\t\t\t<\/div>\n\t\t\t\t<\/div>\n\t\t\t\t<div class=\"elementor-element elementor-element-8196f27 elementor-widget elementor-widget-text-editor\" data-id=\"8196f27\" data-element_type=\"widget\" data-widget_type=\"text-editor.default\">\n\t\t\t\t<div class=\"elementor-widget-container\">\n\t\t\t\t\t<div class=\"elementor-text-editor elementor-clearfix\"><p style=\"text-align: center;\"><strong>\u00a0<\/strong><\/p><p style=\"text-align: center;\"><strong>\u00a0<\/strong><\/p><p style=\"text-align: center;\"><strong>S\u00dcFYAN B\u0130N HAR\u0130S (R.A.), AK\u0130L B\u0130N EBU TAL\u0130B (R.A.) , ABDULLAH B\u0130N CAFER (R.A.) KAB\u0130RLER\u0130<\/strong><\/p><\/div>\n\t\t\t\t<\/div>\n\t\t\t\t<\/div>\n\t\t\t\t<div class=\"elementor-element elementor-element-f807792 elementor-widget elementor-widget-image\" data-id=\"f807792\" data-element_type=\"widget\" data-widget_type=\"image.default\">\n\t\t\t\t<div class=\"elementor-widget-container\">\n\t\t\t\t\t<div class=\"elementor-image\">\n\t\t\t\t\t\t\t\t\t\t<img width=\"768\" height=\"1024\" src=\"https:\/\/yeni.elyucader.com\/wp-content\/uploads\/2020\/02\/IMG_1450.jpg\" class=\"attachment-large size-large\" alt=\"\" decoding=\"async\" loading=\"lazy\" srcset=\"https:\/\/yeni.elyucader.com\/wp-content\/uploads\/2020\/02\/IMG_1450.jpg 768w, https:\/\/yeni.elyucader.com\/wp-content\/uploads\/2020\/02\/IMG_1450-225x300.jpg 225w\" sizes=\"(max-width: 768px) 100vw, 768px\" \/>\t\t\t\t\t\t\t\t\t\t\t<\/div>\n\t\t\t\t<\/div>\n\t\t\t\t<\/div>\n\t\t\t\t<div class=\"elementor-element elementor-element-60bdb54 elementor-widget elementor-widget-text-editor\" data-id=\"60bdb54\" data-element_type=\"widget\" data-widget_type=\"text-editor.default\">\n\t\t\t\t<div class=\"elementor-widget-container\">\n\t\t\t\t\t<div class=\"elementor-text-editor elementor-clearfix\"><p><strong>Ebu S\u00fcfyan Bin Haris (R.A.),<\/strong><\/p><p>Peygamber Efendimiz (S.A.V.)\u2019in en samimi dostuydu ilk vahiy gelip, Peygamberli\u011fini ilan edince maalesef en az\u0131l\u0131 d\u00fc\u015fmanlar\u0131ndan oldu. Yirmi y\u0131l o samimi dostluk d\u00fc\u015fmanl\u0131\u011fa, o s\u0131cak ilgi ilgisizli\u011fe d\u00f6n\u00fc\u015ft\u00fc. Kurey\u015fin me\u015fhur s\u00fcvarisi ve \u015fairiydi. M\u0131zra\u011f\u0131n\u0131 ve dilini M\u00fcsl\u00fcmanlara \u00e7evirdi. Hicviyeler s\u00f6yleyerek hakaret ederdi. Sonunda Peygamber Efendimiz (S.A.V.) taraf\u0131ndan g\u00f6r\u00fcld\u00fc\u011f\u00fc yerde \u00f6ld\u00fcr\u00fclmeye mahkum edildi. O hep ka\u00e7t\u0131 ama Allah Teala ona nihayet merhamet etti de Mekke fethinden k\u0131sa bir s\u00fcre \u00f6nce M\u00fcsl\u00fcman oldu.<\/p><p>Ebu S\u00fcfyan (R.A.) hayat\u0131n\u0131n bundan sonraki d\u00f6nemini Peygamber Efendimiz (S.A.V.)\u2019in yan\u0131nda ge\u00e7irdi. B\u00fct\u00fcn varl\u0131\u011f\u0131yla ona tam teslim oldu. Huneyn Gazvesinde bir ara Efendimizin yan\u0131nda kimse kalmam\u0131\u015ft\u0131. Bir eliyle at\u0131n\u0131n yular\u0131n\u0131 tuttu. Obur eliyle k\u0131l\u0131\u00e7 sallayarak yi\u011fit\u00e7e \u00e7arp\u0131\u015ft\u0131 Onun bu kahramanl\u0131\u011f\u0131 Peygamber Efendimiz (S.A.V.)\u2019in g\u00f6nl\u00fcn\u00fc fethetti ve onu &#8220;Allah onun bana yapt\u0131\u011f\u0131 b\u00fct\u00fcn k\u00f6t\u00fcl\u00fckleri affetsin&#8221; duas\u0131na mazhar etti. Peygamber Efendimiz (S.A.V.)\u2019in kendinden ho\u015fnut oldu\u011funu duyan Ebu S\u00fcfyan geri kalan hayat\u0131n\u0131 daha mutlu olarak ge\u00e7irdi.<\/p><p>Hz. \u00d6mer (R.A.) devrine kadar ya\u015fayan Ebu S\u00fcfyan Bin Haris (R.A.)hayat\u0131n\u0131 hep \u0130slam&#8217;\u0131n g\u00fczellikleriyle ge\u00e7irdi. Namaz k\u0131lmaktan derin haz duyard\u0131. \u0130ki Cihan G\u00fcne\u015fi Efendimiz ahirete g\u00f6\u00e7 eyleyince, \u00fcz\u00fcnt\u00fcs\u00fcn\u00fc mersiye s\u00f6yleyerek dile getirdi. Hasretini, inlemesini mersiye s\u00f6yleyerek teskin etti. Ecelinin yakla\u015ft\u0131\u011f\u0131n\u0131 fark edince \u00fc\u00e7 g\u00fcn \u00f6nce kabrini kendi eliyle haz\u0131rlad\u0131. Son nefeslerinde ailesine yapt\u0131\u011f\u0131 vasiyet bizler i\u00e7in b\u00fcy\u00fck ibret!..<\/p><p>O, han\u0131m\u0131 ve \u00e7ocuklar\u0131na &#8220;Benim i\u00e7in a\u011flamay\u0131n!.. Vallahi M\u00fcsl\u00fcman olduktan sonra hi\u00e7 g\u00fcnah i\u015flemedim. Hi\u00e7bir k\u00f6t\u00fcl\u00fc\u011fe bula\u015fmad\u0131m.&#8221;&#8216; diyerek d\u00fcnyaya g\u00f6zlerini kapad\u0131.<\/p><p>Ne g\u00fczel d\u00f6n\u00fc\u015f!.. Ne g\u00fczel vasiyet!.. Ne tatl\u0131 bir hayat!&#8230; Ne emniyet i\u00e7in de bir var\u0131\u015f!&#8230;<\/p><p>641 m. senede Medine&#8217;de vefat eden Ebu S\u00fcfyan Bin Haris (R.A.) &#8216;\u0131n cenaze namaz\u0131n\u0131 Hz. \u00d6mer (R.A.) k\u0131ld\u0131rd\u0131. Cenab\u0131 Hak \u015fefaatlerine nail k\u0131ls\u0131n. Amin.<\/p><p><strong>Akil \u0130bni Ebi Talib (R.A.)<\/strong><\/p><p>Peygamber Efendimiz (S.A.V.)\u2019in amcas\u0131 Ebu Talib\u2019in b\u00fcy\u00fck o\u011flundan ikincisi!.. Hazreti Ali\u2019in (R.A.) yirmi ya\u015f b\u00fcy\u00fck a\u011fabeyi!.. Cahiliye devrinde Kurey\u015f kabilesi aras\u0131nda anla\u015fmazl\u0131klarda hakemli\u011fine ba\u015fvurulan ve kendisine sayg\u0131 g\u00f6sterilen d\u00f6rt ki\u015fiden biri!.<\/p><p>\u0130slam nurunun d\u00fcnyam\u0131z\u0131 ayd\u0131nlatt\u0131\u011f\u0131 g\u00fcnlerde bir gen\u00e7 olarak \u0130slama yak\u0131nl\u0131k duydu. Fakat hemen kabul edemedi. Sadece muhabbette kald\u0131. \u0130nkar eder bir davran\u0131\u015fta da bulunmad\u0131. Toplumdaki sosyal durumdan ve Mekke\u2019li m\u00fc\u015friklerin M\u00fcsl\u00fcmanlara yapt\u0131\u011f\u0131 i\u015fkencelerden \u00e7ekindi. D\u00fc\u015f\u00fcncesini a\u00e7\u0131\u011fa vuramad\u0131. Bu sebebten onun \u0130slam\u2019la \u015ferefleni\u015fi uzun vakit ald\u0131.<\/p><p>Onun M\u00fcsl\u00fcman oldu\u011fu tarih hakk\u0131nda de\u011fi\u015fik rivayetler vard\u0131r. Baz\u0131lar\u0131na g\u00f6re \u0130slam\u2019\u0131 kabul edi\u015fi, Hudeybiye Antla\u015fmas\u0131\u2019ndan \u00f6nce, baz\u0131lar\u0131na g\u00f6re hemen sonra, bir k\u0131sm\u0131na g\u00f6re ise Mekke\u2019nin fethinden \u00f6nce miladi 630 y\u0131l\u0131nda idi.<\/p><p>Cahiliye devrine dair, \u00f6rf ve adetler, me\u015fhur g\u00fcnler, hikaye ve destanlar hakk\u0131nda derin bilgisiyle kom\u015fu kabileler aras\u0131nda sayg\u0131 g\u00f6r\u00fcrd\u00fc. M\u00fcsl\u00fcman olduktan sonra, cahiliye devrine ait adetleri iyi tan\u0131d\u0131\u011f\u0131ndan, neleri terk edece\u011fini de gayet iyi biliyordu.<\/p><p>Peygamber Efendimiz (S.A.V.)\u2019in s\u00fcnnetine uyma hususunda \u00e7ok dikkatli ve titiz idi. \u00c7evresindekilere, cahiliye adetlerinden ve bid\u2019at sahiplerinden uzak durmalar\u0131n\u0131 tavsiye ederdi. \u201c- Bid\u2019at sahipleri ile birlikte bulunmay\u0131n\u0131z! Onlarla birlikte yiyip i\u00e7meyiniz!\u201d hadisini hat\u0131rlat\u0131rd\u0131.<\/p><p>Akil ibni Ebi Talib (R.A.), Peygamber Efendimiz (S.A.V.)\u2019i \u00e7ok severdi. Her f\u0131rsatta Resulallah\u2019a olan ba\u011fl\u0131l\u0131\u011f\u0131n\u0131 ve sevgisini g\u00f6stermeye \u00e7al\u0131\u015f\u0131rd\u0131. \u0130ki Cihan G\u00fcne\u015fi Efendimiz de onu severdi. Birg\u00fcn ona \u015f\u00f6yle iltifatta bulundu:<\/p><p>\u201c- Ya Akil! Ben seni iki cihetten seviyorum. Birincisi, yak\u0131n akrabam oldu\u011fun i\u00e7in, ikincisi, amcam\u0131n seni sevdi\u011fini bildi\u011fim i\u00e7in\u201d buyurdu.<\/p><p>Belagat\u0131 ve haz\u0131r cevapl\u0131l\u0131\u011f\u0131yla me\u015fhur olan Akil ibni Ebi Talib (R.A.), Muaviye d\u00f6neminde veya Yezid\u2019in halifeli\u011finin ilk g\u00fcnlerinde 680 miladi tarihinde vefat etti. (\u0130sabe, IV, 438-439)<\/p><p>Allah ondan raz\u0131 olsun. Rabbimiz \u015fefaatlerine nail eylesin. Amin.<\/p><p><strong>Abdullah bin Cafer (R.A.)<\/strong><\/p><p>Peygamber Efendimiz (S.A.V.)\u2019 yedi ya\u015f\u0131nda biat eden ve terikesine binme \u015ferefine eren bir bahtiyar!..<\/p><p>\u201cBahr\u00fc\u2019l-cud\u201d c\u00f6mertlik denizi ve \u201ckutb\u00fc\u2019s-seha\u201d c\u00f6mertlik kutbu diye an\u0131lan bir muhabbet eri gen\u00e7 sahabi!.. Peygamber Efendimiz (S.A.V.)\u2019in amcas\u0131 Ebu Talib\u2019in torunu ve Hazreti Ali\u2019nin (R.A.) ye\u011feni bir yi\u011fit kahraman!.. O, M\u00fcsl\u00fcmanlara ilk hicret hat\u0131ras\u0131d\u0131r. Bir hicret \u00e7ocu\u011fu olarak Habe\u015fistan\u2019da do\u011fdu. Babas\u0131 Cafer-i Tayyar (R.A.), annesi Esma binti Umeys el-Has\u2018amiyye (R.A.)\u2019dir. Abdullah Bin Cafer (R.A.) M\u00fcsl\u00fcman bir yuvada b\u00fcy\u00fcd\u00fc. Ailesi \u00f6nce Habe\u015fistan\u2019a sonra Medine\u2019ye hicret etti. Yedi ya\u015flar\u0131nda iken Peygamber Efendimiz (S.A.V.)\u2019e biat etti. Fahr-i Kainat Efendimiz (S.A.V.) onunla yak\u0131ndan ilgilendi. Her g\u00f6rd\u00fc\u011f\u00fc yerde onu ok\u015fay\u0131p sevdi. Bu yak\u0131n alakay\u0131 g\u00f6steren \u015fu tatl\u0131 hat\u0131ray\u0131 Abdullah Bin Cafer (R.A.) kendisi naklediyor:<\/p><p>\u201c-\u0130yi hat\u0131rl\u0131yorum, ben ve Hazret-i Abbas (R.A.)\u2019\u0131n iki o\u011flu Kusem ile Ubeydullah \u00e7ocukken bir g\u00fcn sokakta oynuyorduk. Peygamber Efendimiz (S.A.V.) bir binekle yan\u0131m\u0131za \u00e7\u0131ka geldi. Beni g\u00f6stererek: \u00ab\u2212\u015eunu bana kald\u0131r\u0131n!\u00bb dedi ve beni \u00f6n taraf\u0131na oturttu. Kusem\u2019i de g\u00f6stererek: \u00ab\u2212\u015eunu da kald\u0131r\u0131n!\u00bb dedi. Onu da terkisine ald\u0131. Sonra \u00fc\u00e7 defa ba\u015f\u0131m\u0131 ok\u015fad\u0131 ve her ok\u015fay\u0131\u015f\u0131nda; \u00abAllah\u2019\u0131m! Cafer\u2019in evlatlar\u0131na Sen sahip \u00e7\u0131k!\u00bb diye dua buyurdu.\u201d<\/p><p>Abdullah ibni Cafer (R.A.) bir \u00e7ocuk olarak babas\u0131n\u0131n \u015fehit d\u00fc\u015ft\u00fc\u011f\u00fc g\u00fcn, Peygamber Efendimiz (S.A.V.)\u2019in kendilerine g\u00f6sterdi\u011fi yak\u0131n ilgi ve davran\u0131\u015ftan \u00e7ok etkilenmi\u015fti.<\/p><p>Abdullah ibni Cafer (R.A.), \u0130ki Cihan G\u00fcne\u015fi Efendimiz\u2019in dar-\u0131 beka\u2019ya irtihalinde on ya\u015flar\u0131nda gen\u00e7 bir sahabi idi. Peygamber Efendimiz (S.A.V.)\u2019e olan muhabbeti, hizmeti yan\u0131nda c\u00f6mertli\u011fi ile de \u00e7evresinde \u015f\u00f6hret bulmu\u015ftu. Bu sebeple o, \u201cbahr\u00fc\u2019l-cud\u201d c\u00f6mertlik denizi ve \u201ckutb\u00fc\u2019s-seha\u201d c\u00f6mertlik kutbu lakab\u0131yla an\u0131l\u0131r oldu. Onun c\u00f6mertli\u011fi ile ilgili birka\u00e7 hat\u0131ra kitaplarda \u015f\u00f6yle nakledilir:<\/p><p>\u201c-Abdullah ibni Cafer (R.A.) bir seyahat esnas\u0131nda bir hurma bah\u00e7esine u\u011frad\u0131. Bah\u00e7enin hizmet\u00e7isi siyahi bir k\u00f6le idi. K\u00f6leye \u00fc\u00e7 adet ekmek getirmi\u015flerdi. Bu s\u0131rada bir k\u00f6pek geldi. K\u00f6le, ekmeklerden birini ona att\u0131. K\u00f6pek, ekme\u011fi yedi. \u00d6b\u00fcr\u00fcn\u00fc att\u0131. Onu da yedi. \u00dc\u00e7\u00fcnc\u00fcy\u00fc de att\u0131. Onu da yedi. Bunun \u00fczerine Abdullah ibni Cafer (R.A.) ile k\u00f6le aras\u0131nda \u015f\u00f6yle bir konu\u015fma ge\u00e7ti:<\/p><p>\u201c\u2013Senin \u00fccretin nedir?\u201d<\/p><p>\u201c\u2013\u0130\u015fte g\u00f6rd\u00fc\u011f\u00fcn\u00fcz \u00fc\u00e7 ekmek.\u201d<\/p><p>\u201c\u2013Ni\u00e7in hepsini k\u00f6pe\u011fe verdin?\u201d<\/p><p>\u201c\u2013Buralarda hi\u00e7 k\u00f6pek yoktu. Bu k\u00f6pek uzaklardan gelmi\u015f olmal\u0131. A\u00e7 kalmas\u0131na g\u00f6nl\u00fcm raz\u0131 olmad\u0131.\u201d<\/p><p>\u201c\u2013Peki bug\u00fcn sen ne yiyeceksin?\u201d<\/p><p>\u201c\u2013Sabredece\u011fim, g\u00fcnl\u00fck hakk\u0131m\u0131 Rabbimin bu a\u00e7 mahlukuna devrettim.\u201d<\/p><p>Bu g\u00fczel ahlak kar\u015f\u0131s\u0131nda hayran kalan Abdullah ibni Cafer (R.A.):<\/p><p>\u201c\u2013S\u00fcbhanallah! Bir de benim \u00e7ok c\u00f6mert oldu\u011fumu s\u00f6ylerler. Halbuki bu k\u00f6le benden daha c\u00f6mertmi\u015f!\u201d buyurdu. Ard\u0131ndan da o k\u00f6leyi ve hurma bah\u00e7esini sat\u0131n ald\u0131 ve k\u00f6leyi azad edip, hurmal\u0131\u011f\u0131 ona ba\u011f\u0131\u015flad\u0131.<\/p><\/div>\n\t\t\t\t<\/div>\n\t\t\t\t<\/div>\n\t\t\t\t<div class=\"elementor-element elementor-element-bd49d4f elementor-widget elementor-widget-image\" data-id=\"bd49d4f\" data-element_type=\"widget\" data-widget_type=\"image.default\">\n\t\t\t\t<div class=\"elementor-widget-container\">\n\t\t\t\t\t<div class=\"elementor-image\">\n\t\t\t\t\t\t\t\t\t\t<img width=\"400\" height=\"106\" src=\"https:\/\/yeni.elyucader.com\/wp-content\/uploads\/2020\/03\/dini_motif-islamic_muy7kaq_2.jpg\" class=\"attachment-large size-large\" alt=\"\" decoding=\"async\" loading=\"lazy\" srcset=\"https:\/\/yeni.elyucader.com\/wp-content\/uploads\/2020\/03\/dini_motif-islamic_muy7kaq_2.jpg 400w, https:\/\/yeni.elyucader.com\/wp-content\/uploads\/2020\/03\/dini_motif-islamic_muy7kaq_2-300x80.jpg 300w\" sizes=\"(max-width: 400px) 100vw, 400px\" \/>\t\t\t\t\t\t\t\t\t\t\t<\/div>\n\t\t\t\t<\/div>\n\t\t\t\t<\/div>\n\t\t\t\t<div class=\"elementor-element elementor-element-7347a51 gallery-spacing-custom elementor-widget elementor-widget-image-gallery\" data-id=\"7347a51\" data-element_type=\"widget\" data-widget_type=\"image-gallery.default\">\n\t\t\t\t<div class=\"elementor-widget-container\">\n\t\t\t\t\t<div class=\"elementor-image-gallery\">\n\t\t\t<div id='gallery-1' class='gallery galleryid-63 gallery-columns-8 gallery-size-thumbnail'><figure class='gallery-item'>\n\t\t\t<div class='gallery-icon landscape'>\n\t\t\t\t<a data-elementor-open-lightbox=\"yes\" data-elementor-lightbox-slideshow=\"7347a51\" data-elementor-lightbox-title=\"IMG_1429\" href='https:\/\/yeni.elyucader.com\/wp-content\/uploads\/2020\/02\/IMG_1429.jpg'><img width=\"150\" height=\"150\" src=\"https:\/\/yeni.elyucader.com\/wp-content\/uploads\/2020\/02\/IMG_1429-150x150.jpg\" class=\"attachment-thumbnail size-thumbnail\" alt=\"\" decoding=\"async\" loading=\"lazy\" \/><\/a>\n\t\t\t<\/div><\/figure><figure class='gallery-item'>\n\t\t\t<div class='gallery-icon landscape'>\n\t\t\t\t<a data-elementor-open-lightbox=\"yes\" data-elementor-lightbox-slideshow=\"7347a51\" data-elementor-lightbox-title=\"IMG_1430\" href='https:\/\/yeni.elyucader.com\/wp-content\/uploads\/2020\/02\/IMG_1430.jpg'><img width=\"150\" height=\"150\" src=\"https:\/\/yeni.elyucader.com\/wp-content\/uploads\/2020\/02\/IMG_1430-150x150.jpg\" class=\"attachment-thumbnail size-thumbnail\" alt=\"\" decoding=\"async\" loading=\"lazy\" \/><\/a>\n\t\t\t<\/div><\/figure><figure class='gallery-item'>\n\t\t\t<div class='gallery-icon landscape'>\n\t\t\t\t<a data-elementor-open-lightbox=\"yes\" data-elementor-lightbox-slideshow=\"7347a51\" data-elementor-lightbox-title=\"IMG_1431\" href='https:\/\/yeni.elyucader.com\/wp-content\/uploads\/2020\/02\/IMG_1431.jpg'><img width=\"150\" height=\"150\" src=\"https:\/\/yeni.elyucader.com\/wp-content\/uploads\/2020\/02\/IMG_1431-150x150.jpg\" class=\"attachment-thumbnail size-thumbnail\" alt=\"\" decoding=\"async\" loading=\"lazy\" \/><\/a>\n\t\t\t<\/div><\/figure><figure class='gallery-item'>\n\t\t\t<div class='gallery-icon landscape'>\n\t\t\t\t<a data-elementor-open-lightbox=\"yes\" data-elementor-lightbox-slideshow=\"7347a51\" data-elementor-lightbox-title=\"IMG_1432\" href='https:\/\/yeni.elyucader.com\/wp-content\/uploads\/2020\/02\/IMG_1432.jpg'><img width=\"150\" height=\"150\" src=\"https:\/\/yeni.elyucader.com\/wp-content\/uploads\/2020\/02\/IMG_1432-150x150.jpg\" class=\"attachment-thumbnail size-thumbnail\" alt=\"\" decoding=\"async\" loading=\"lazy\" \/><\/a>\n\t\t\t<\/div><\/figure><figure class='gallery-item'>\n\t\t\t<div class='gallery-icon portrait'>\n\t\t\t\t<a data-elementor-open-lightbox=\"yes\" data-elementor-lightbox-slideshow=\"7347a51\" data-elementor-lightbox-title=\"IMG_1433\" href='https:\/\/yeni.elyucader.com\/wp-content\/uploads\/2020\/02\/IMG_1433.jpg'><img width=\"150\" height=\"150\" src=\"https:\/\/yeni.elyucader.com\/wp-content\/uploads\/2020\/02\/IMG_1433-150x150.jpg\" class=\"attachment-thumbnail size-thumbnail\" alt=\"\" decoding=\"async\" loading=\"lazy\" \/><\/a>\n\t\t\t<\/div><\/figure><figure class='gallery-item'>\n\t\t\t<div class='gallery-icon landscape'>\n\t\t\t\t<a data-elementor-open-lightbox=\"yes\" data-elementor-lightbox-slideshow=\"7347a51\" data-elementor-lightbox-title=\"IMG_1434\" href='https:\/\/yeni.elyucader.com\/wp-content\/uploads\/2020\/02\/IMG_1434.jpg'><img width=\"150\" height=\"150\" src=\"https:\/\/yeni.elyucader.com\/wp-content\/uploads\/2020\/02\/IMG_1434-150x150.jpg\" class=\"attachment-thumbnail size-thumbnail\" alt=\"\" decoding=\"async\" loading=\"lazy\" \/><\/a>\n\t\t\t<\/div><\/figure><figure class='gallery-item'>\n\t\t\t<div class='gallery-icon landscape'>\n\t\t\t\t<a data-elementor-open-lightbox=\"yes\" data-elementor-lightbox-slideshow=\"7347a51\" data-elementor-lightbox-title=\"IMG_1435\" href='https:\/\/yeni.elyucader.com\/wp-content\/uploads\/2020\/02\/IMG_1435.jpg'><img width=\"150\" height=\"150\" src=\"https:\/\/yeni.elyucader.com\/wp-content\/uploads\/2020\/02\/IMG_1435-150x150.jpg\" class=\"attachment-thumbnail size-thumbnail\" alt=\"\" decoding=\"async\" loading=\"lazy\" \/><\/a>\n\t\t\t<\/div><\/figure><figure class='gallery-item'>\n\t\t\t<div class='gallery-icon portrait'>\n\t\t\t\t<a data-elementor-open-lightbox=\"yes\" data-elementor-lightbox-slideshow=\"7347a51\" data-elementor-lightbox-title=\"IMG_1436\" href='https:\/\/yeni.elyucader.com\/wp-content\/uploads\/2020\/02\/IMG_1436.jpg'><img width=\"150\" height=\"150\" src=\"https:\/\/yeni.elyucader.com\/wp-content\/uploads\/2020\/02\/IMG_1436-150x150.jpg\" class=\"attachment-thumbnail size-thumbnail\" alt=\"\" decoding=\"async\" loading=\"lazy\" \/><\/a>\n\t\t\t<\/div><\/figure><figure class='gallery-item'>\n\t\t\t<div class='gallery-icon landscape'>\n\t\t\t\t<a data-elementor-open-lightbox=\"yes\" data-elementor-lightbox-slideshow=\"7347a51\" data-elementor-lightbox-title=\"IMG_1437\" href='https:\/\/yeni.elyucader.com\/wp-content\/uploads\/2020\/02\/IMG_1437.jpg'><img width=\"150\" height=\"150\" src=\"https:\/\/yeni.elyucader.com\/wp-content\/uploads\/2020\/02\/IMG_1437-150x150.jpg\" class=\"attachment-thumbnail size-thumbnail\" alt=\"\" decoding=\"async\" loading=\"lazy\" \/><\/a>\n\t\t\t<\/div><\/figure><figure class='gallery-item'>\n\t\t\t<div class='gallery-icon landscape'>\n\t\t\t\t<a data-elementor-open-lightbox=\"yes\" data-elementor-lightbox-slideshow=\"7347a51\" data-elementor-lightbox-title=\"IMG_1438\" href='https:\/\/yeni.elyucader.com\/wp-content\/uploads\/2020\/02\/IMG_1438.jpg'><img width=\"150\" height=\"150\" src=\"https:\/\/yeni.elyucader.com\/wp-content\/uploads\/2020\/02\/IMG_1438-150x150.jpg\" class=\"attachment-thumbnail size-thumbnail\" alt=\"\" decoding=\"async\" loading=\"lazy\" \/><\/a>\n\t\t\t<\/div><\/figure><figure class='gallery-item'>\n\t\t\t<div class='gallery-icon landscape'>\n\t\t\t\t<a data-elementor-open-lightbox=\"yes\" data-elementor-lightbox-slideshow=\"7347a51\" data-elementor-lightbox-title=\"IMG_1439\" href='https:\/\/yeni.elyucader.com\/wp-content\/uploads\/2020\/02\/IMG_1439.jpg'><img width=\"150\" height=\"150\" src=\"https:\/\/yeni.elyucader.com\/wp-content\/uploads\/2020\/02\/IMG_1439-150x150.jpg\" class=\"attachment-thumbnail size-thumbnail\" alt=\"\" decoding=\"async\" loading=\"lazy\" \/><\/a>\n\t\t\t<\/div><\/figure><figure class='gallery-item'>\n\t\t\t<div class='gallery-icon portrait'>\n\t\t\t\t<a data-elementor-open-lightbox=\"yes\" data-elementor-lightbox-slideshow=\"7347a51\" data-elementor-lightbox-title=\"IMG_1440\" href='https:\/\/yeni.elyucader.com\/wp-content\/uploads\/2020\/02\/IMG_1440.jpg'><img width=\"150\" height=\"150\" src=\"https:\/\/yeni.elyucader.com\/wp-content\/uploads\/2020\/02\/IMG_1440-150x150.jpg\" class=\"attachment-thumbnail size-thumbnail\" alt=\"\" decoding=\"async\" loading=\"lazy\" \/><\/a>\n\t\t\t<\/div><\/figure><figure class='gallery-item'>\n\t\t\t<div class='gallery-icon landscape'>\n\t\t\t\t<a data-elementor-open-lightbox=\"yes\" data-elementor-lightbox-slideshow=\"7347a51\" data-elementor-lightbox-title=\"IMG_1441\" href='https:\/\/yeni.elyucader.com\/wp-content\/uploads\/2020\/02\/IMG_1441.jpg'><img width=\"150\" height=\"150\" src=\"https:\/\/yeni.elyucader.com\/wp-content\/uploads\/2020\/02\/IMG_1441-150x150.jpg\" class=\"attachment-thumbnail size-thumbnail\" alt=\"\" decoding=\"async\" loading=\"lazy\" \/><\/a>\n\t\t\t<\/div><\/figure><figure class='gallery-item'>\n\t\t\t<div class='gallery-icon landscape'>\n\t\t\t\t<a data-elementor-open-lightbox=\"yes\" data-elementor-lightbox-slideshow=\"7347a51\" data-elementor-lightbox-title=\"IMG_1442\" href='https:\/\/yeni.elyucader.com\/wp-content\/uploads\/2020\/02\/IMG_1442.jpg'><img width=\"150\" height=\"150\" src=\"https:\/\/yeni.elyucader.com\/wp-content\/uploads\/2020\/02\/IMG_1442-150x150.jpg\" class=\"attachment-thumbnail size-thumbnail\" alt=\"\" decoding=\"async\" loading=\"lazy\" \/><\/a>\n\t\t\t<\/div><\/figure><figure class='gallery-item'>\n\t\t\t<div class='gallery-icon landscape'>\n\t\t\t\t<a data-elementor-open-lightbox=\"yes\" data-elementor-lightbox-slideshow=\"7347a51\" data-elementor-lightbox-title=\"IMG_1443\" href='https:\/\/yeni.elyucader.com\/wp-content\/uploads\/2020\/02\/IMG_1443.jpg'><img width=\"150\" height=\"150\" src=\"https:\/\/yeni.elyucader.com\/wp-content\/uploads\/2020\/02\/IMG_1443-150x150.jpg\" class=\"attachment-thumbnail size-thumbnail\" alt=\"\" decoding=\"async\" loading=\"lazy\" \/><\/a>\n\t\t\t<\/div><\/figure><figure class='gallery-item'>\n\t\t\t<div class='gallery-icon landscape'>\n\t\t\t\t<a data-elementor-open-lightbox=\"yes\" data-elementor-lightbox-slideshow=\"7347a51\" data-elementor-lightbox-title=\"IMG_1444\" href='https:\/\/yeni.elyucader.com\/wp-content\/uploads\/2020\/02\/IMG_1444.jpg'><img width=\"150\" height=\"150\" src=\"https:\/\/yeni.elyucader.com\/wp-content\/uploads\/2020\/02\/IMG_1444-150x150.jpg\" class=\"attachment-thumbnail size-thumbnail\" alt=\"\" decoding=\"async\" loading=\"lazy\" \/><\/a>\n\t\t\t<\/div><\/figure><figure class='gallery-item'>\n\t\t\t<div class='gallery-icon landscape'>\n\t\t\t\t<a data-elementor-open-lightbox=\"yes\" data-elementor-lightbox-slideshow=\"7347a51\" data-elementor-lightbox-title=\"IMG_1445\" href='https:\/\/yeni.elyucader.com\/wp-content\/uploads\/2020\/02\/IMG_1445.jpg'><img width=\"150\" height=\"150\" src=\"https:\/\/yeni.elyucader.com\/wp-content\/uploads\/2020\/02\/IMG_1445-150x150.jpg\" class=\"attachment-thumbnail size-thumbnail\" alt=\"\" decoding=\"async\" loading=\"lazy\" \/><\/a>\n\t\t\t<\/div><\/figure><figure class='gallery-item'>\n\t\t\t<div class='gallery-icon landscape'>\n\t\t\t\t<a data-elementor-open-lightbox=\"yes\" data-elementor-lightbox-slideshow=\"7347a51\" data-elementor-lightbox-title=\"IMG_1446\" href='https:\/\/yeni.elyucader.com\/wp-content\/uploads\/2020\/02\/IMG_1446.jpg'><img width=\"150\" height=\"150\" src=\"https:\/\/yeni.elyucader.com\/wp-content\/uploads\/2020\/02\/IMG_1446-150x150.jpg\" class=\"attachment-thumbnail size-thumbnail\" alt=\"\" decoding=\"async\" loading=\"lazy\" \/><\/a>\n\t\t\t<\/div><\/figure><figure class='gallery-item'>\n\t\t\t<div class='gallery-icon landscape'>\n\t\t\t\t<a data-elementor-open-lightbox=\"yes\" data-elementor-lightbox-slideshow=\"7347a51\" data-elementor-lightbox-title=\"IMG_1447\" href='https:\/\/yeni.elyucader.com\/wp-content\/uploads\/2020\/02\/IMG_1447.jpg'><img width=\"150\" height=\"150\" src=\"https:\/\/yeni.elyucader.com\/wp-content\/uploads\/2020\/02\/IMG_1447-150x150.jpg\" class=\"attachment-thumbnail size-thumbnail\" alt=\"\" decoding=\"async\" loading=\"lazy\" \/><\/a>\n\t\t\t<\/div><\/figure><figure class='gallery-item'>\n\t\t\t<div class='gallery-icon landscape'>\n\t\t\t\t<a data-elementor-open-lightbox=\"yes\" data-elementor-lightbox-slideshow=\"7347a51\" data-elementor-lightbox-title=\"IMG_1448\" href='https:\/\/yeni.elyucader.com\/wp-content\/uploads\/2020\/02\/IMG_1448.jpg'><img width=\"150\" height=\"150\" src=\"https:\/\/yeni.elyucader.com\/wp-content\/uploads\/2020\/02\/IMG_1448-150x150.jpg\" class=\"attachment-thumbnail size-thumbnail\" alt=\"\" decoding=\"async\" loading=\"lazy\" \/><\/a>\n\t\t\t<\/div><\/figure><figure class='gallery-item'>\n\t\t\t<div class='gallery-icon portrait'>\n\t\t\t\t<a data-elementor-open-lightbox=\"yes\" data-elementor-lightbox-slideshow=\"7347a51\" data-elementor-lightbox-title=\"IMG_1449\" href='https:\/\/yeni.elyucader.com\/wp-content\/uploads\/2020\/02\/IMG_1449.jpg'><img width=\"150\" height=\"150\" src=\"https:\/\/yeni.elyucader.com\/wp-content\/uploads\/2020\/02\/IMG_1449-150x150.jpg\" class=\"attachment-thumbnail size-thumbnail\" alt=\"\" decoding=\"async\" loading=\"lazy\" \/><\/a>\n\t\t\t<\/div><\/figure><figure class='gallery-item'>\n\t\t\t<div class='gallery-icon portrait'>\n\t\t\t\t<a data-elementor-open-lightbox=\"yes\" data-elementor-lightbox-slideshow=\"7347a51\" data-elementor-lightbox-title=\"IMG_1450\" href='https:\/\/yeni.elyucader.com\/wp-content\/uploads\/2020\/02\/IMG_1450.jpg'><img width=\"150\" height=\"150\" src=\"https:\/\/yeni.elyucader.com\/wp-content\/uploads\/2020\/02\/IMG_1450-150x150.jpg\" class=\"attachment-thumbnail size-thumbnail\" alt=\"\" decoding=\"async\" loading=\"lazy\" \/><\/a>\n\t\t\t<\/div><\/figure>\n\t\t<\/div>\n\t\t<\/div>\n\t\t\t\t<\/div>\n\t\t\t\t<\/div>\n\t\t\t\t\t\t<\/div>\n\t\t\t\t\t<\/div>\n\t\t<\/div>\n\t\t\t\t\t\t\t\t<\/div>\n\t\t\t\t\t<\/div>\n\t\t<\/section>\n\t\t\t\t\t\t<\/div>\n\t\t\t\t\t\t<\/div>\n\t\t\t\t\t<\/div>\n\t\t","protected":false},"excerpt":{"rendered":"<p>CENNET-\u00dcL BAK\u0130 BU RES\u0130ME BAKINCA NE H\u0130SSED\u0130YORSUNUZ? Ben hissettiklerimi s\u00f6yleyeyim. Ben bu resmi ilk g\u00f6rd\u00fc\u011f\u00fcmde uzun uzun bakt\u0131m. Bir anda orada Cennet\u00fc\u2019l Baki\u2019de defnedilmeyi diledim ve bunun i\u00e7in dua ettim. Bir anda i\u00e7imde bir huzur, kalbimde bir s\u0131cakl\u0131k hissettim. O ne g\u00fczel bir manzara Cennet\u2019\u00fcl Baki mezarl\u0131\u011f\u0131 ve arkas\u0131nda En Sevgili. Allah C.C.\u2019nin \u201cSen olmasayd\u0131n [&hellip;]<\/p>\n","protected":false},"author":1,"featured_media":0,"parent":0,"menu_order":0,"comment_status":"closed","ping_status":"closed","template":"","meta":[],"_links":{"self":[{"href":"https:\/\/yeni.elyucader.com\/index.php?rest_route=\/wp\/v2\/pages\/63"}],"collection":[{"href":"https:\/\/yeni.elyucader.com\/index.php?rest_route=\/wp\/v2\/pages"}],"about":[{"href":"https:\/\/yeni.elyucader.com\/index.php?rest_route=\/wp\/v2\/types\/page"}],"author":[{"embeddable":true,"href":"https:\/\/yeni.elyucader.com\/index.php?rest_route=\/wp\/v2\/users\/1"}],"replies":[{"embeddable":true,"href":"https:\/\/yeni.elyucader.com\/index.php?rest_route=%2Fwp%2Fv2%2Fcomments&post=63"}],"version-history":[{"count":63,"href":"https:\/\/yeni.elyucader.com\/index.php?rest_route=\/wp\/v2\/pages\/63\/revisions"}],"predecessor-version":[{"id":1167,"href":"https:\/\/yeni.elyucader.com\/index.php?rest_route=\/wp\/v2\/pages\/63\/revisions\/1167"}],"wp:attachment":[{"href":"https:\/\/yeni.elyucader.com\/index.php?rest_route=%2Fwp%2Fv2%2Fmedia&parent=63"}],"curies":[{"name":"wp","href":"https:\/\/api.w.org\/{rel}","templated":true}]}}