{"id":7,"date":"2019-12-24T16:58:09","date_gmt":"2019-12-24T13:58:09","guid":{"rendered":"http:\/\/localhost\/iyiakrep\/?page_id=7"},"modified":"2023-03-08T13:48:46","modified_gmt":"2023-03-08T10:48:46","slug":"anasayfa","status":"publish","type":"page","link":"https:\/\/yeni.elyucader.com\/","title":{"rendered":"Anasayfa"},"content":{"rendered":"\t\t<div data-elementor-type=\"wp-page\" data-elementor-id=\"7\" class=\"elementor elementor-7\" data-elementor-settings=\"[]\">\n\t\t\t\t\t\t<div class=\"elementor-inner\">\n\t\t\t\t\t\t\t<div class=\"elementor-section-wrap\">\n\t\t\t\t\t\t\t<section class=\"elementor-section elementor-top-section elementor-element elementor-element-23a8017 elementor-section-full_width elementor-section-height-full elementor-section-height-default elementor-section-items-middle\" data-id=\"23a8017\" data-element_type=\"section\" data-settings=\"{&quot;background_background&quot;:&quot;classic&quot;}\">\n\t\t\t\t\t\t<div class=\"elementor-container elementor-column-gap-default\">\n\t\t\t\t\t\t\t<div class=\"elementor-row\">\n\t\t\t\t\t<div class=\"elementor-column elementor-col-100 elementor-top-column elementor-element elementor-element-22b5537\" data-id=\"22b5537\" data-element_type=\"column\">\n\t\t\t<div class=\"elementor-column-wrap\">\n\t\t\t\t\t\t\t<div class=\"elementor-widget-wrap\">\n\t\t\t\t\t\t\t\t<\/div>\n\t\t\t\t\t<\/div>\n\t\t<\/div>\n\t\t\t\t\t\t\t\t<\/div>\n\t\t\t\t\t<\/div>\n\t\t<\/section>\n\t\t\t\t<section class=\"elementor-section elementor-top-section elementor-element elementor-element-b7d442c elementor-section-boxed elementor-section-height-default elementor-section-height-default\" data-id=\"b7d442c\" data-element_type=\"section\">\n\t\t\t\t\t\t<div class=\"elementor-container elementor-column-gap-default\">\n\t\t\t\t\t\t\t<div class=\"elementor-row\">\n\t\t\t\t\t<div class=\"elementor-column elementor-col-100 elementor-top-column elementor-element elementor-element-bd20c0f\" data-id=\"bd20c0f\" data-element_type=\"column\">\n\t\t\t<div class=\"elementor-column-wrap elementor-element-populated\">\n\t\t\t\t\t\t\t<div class=\"elementor-widget-wrap\">\n\t\t\t\t\t\t<div class=\"elementor-element elementor-element-7c4828e elementor-widget elementor-widget-text-editor\" data-id=\"7c4828e\" data-element_type=\"widget\" data-widget_type=\"text-editor.default\">\n\t\t\t\t<div class=\"elementor-widget-container\">\n\t\t\t\t\t<div class=\"elementor-text-editor elementor-clearfix\"><p style=\"text-align: center;\"><strong>MUKADDES BELDE H\u0130CAZ <\/strong><\/p><p>Hepimizin \u00e7ocukluk y\u0131llar\u0131ndan beri ger\u00e7ekle\u015ftirmeyi arzu etti\u011fi h\u00fclyalar\u0131 vard\u0131r. Anne babalar\u0131m\u0131z ve \u00e7evremizdeki herkes hayat\u0131nda hep bir \u015feyi arzular, bir yeri d\u00fc\u015f\u00fcn\u00fcr ve \u201cin\u015fallah bir g\u00fcn\u201d der, konuyu kapat\u0131r. H\u00fclyalarda yer alan en \u00f6zel yer \u015f\u00fcphesiz Mukaddes Belde Hicaz\u2019d\u0131r. \u0130nsan\u0131m\u0131z\u0131n i\u00e7ine yerle\u015fmi\u015f bir duygudur bu. \u201cHerkes hayat\u0131nda en az bir kere oraya gitmeli\u201d diyenler oldu\u011fu gibi hayat\u0131n\u0131 buna g\u00f6re tanzim edenler de vard\u0131r. Bunun yan\u0131nda; \u201cGen\u00e7ken gitmeyelim, biraz ya\u015flanal\u0131m da \u00f6yle gideriz.\u201d diyenlerle de kar\u015f\u0131la\u015f\u0131rs\u0131n\u0131z. Her ne d\u00fc\u015f\u00fcn\u00fcl\u00fcrse d\u00fc\u015f\u00fcn\u00fcls\u00fcn oraya bir kere giden hi\u00e7bir zaman \u201cGittik ve bitti\u201d diyememektedir. \u00c7\u00fcnk\u00fc oralar insan\u0131 \u00f6yle bir etkiler ki, gidenler aman bir daha ne zaman gideriz h\u00fclyalar\u0131n\u0131 kurmaya ba\u015flar.<\/p><p>Hicaz, insan\u0131 neden bu kadar etkiler? \u00c7\u00fcnk\u00fc oralar \u0130slam\u2019\u0131n en \u00f6nemli \u015fartlar\u0131ndan biri olan hacc\u0131n ifa edildi\u011fi mekanlard\u0131r. Bu b\u00fcy\u00fck ibadeti yapman\u0131n huzuru vard\u0131r oralarda. Bir ibadetin y\u00fcz binlerce semere verebilme bereketine sahiptir bu topraklar. Oras\u0131 yery\u00fcz\u00fcn\u00fcn en eski topraklar\u0131, en erken yerle\u015filen yerleridir. Atalar\u0131m\u0131z\u0131n izleri vard\u0131r oralarda. Hz. adem ile Hz. Havva\u2019n\u0131n bulu\u015fma yeridir. Sadece tavaf alan\u0131 \u00fczerinde 70\u2019e yak\u0131n peygamberin kabrinin mevcut oldu\u011fu rivayet edilir.<\/p><p>Bu se\u00e7ilmi\u015f insanlar\u0131n mevcudiyetleri ile \u015fereflenen mekanlard\u0131r buralar. Bu arazide Hz. Nuh y\u00fcr\u00fcm\u00fc\u015f, Hz. Hud devesini s\u00fcrm\u00fc\u015f, Hz. \u0130brahim Kabe\u2019yi in\u015fa etmi\u015f, Hz. \u0130smail avlanm\u0131\u015f, Peygamber Efendimiz (S.A.V.) t\u00fcm hayat\u0131n\u0131 burada ge\u00e7irmi\u015ftir. Sahabelerin \u00f6m\u00fcrlerini ge\u00e7irdikleri, ba\u015fka diyarlara ila-y\u0131 kelimetullah i\u00e7in hicrete niyet ettikleri yerlerdir buralar. Hz. Bilal, i\u015fkence i\u00e7in kumlara burada yat\u0131r\u0131lm\u0131\u015f, m\u00fc\u015frikler taraf\u0131ndan esir edilen Ammar b. Yasir M\u00fcsl\u00fcmanlar taraf\u0131ndan buralarda kurtar\u0131lm\u0131\u015ft\u0131r.<\/p><p>Peygamber Efendimiz (S.A.V.) burada diye Selman-\u0131 Farisiler, Veysel Karaniler buraya g\u00f6\u00e7 etmi\u015f, Peygamber Efendimiz (S.A.V.) , \u201c\u0130slam\u2019\u0131 anlat\u0131n\u201d emri verdi\u011finde Bilaller, Halidler, Ebu Ubeyde b. Cerrahlar buradan g\u00f6\u00e7 etmi\u015ftir. Buras\u0131 babas\u0131n\u0131n \u00fczerine deve i\u015fkembesi kondu diye Fat\u0131ma\u2019n\u0131n a\u011flad\u0131\u011f\u0131, \u00d6mer ve Hamza m\u00fcsl\u00fcman oldu diye sahabelerin sevince bo\u011fuldu\u011fu topraklard\u0131r. Ukaz, Z\u00fc\u2019l-mecaz, Mecenne pazarlar\u0131na tebli\u011f i\u00e7in giden ayaklar bu yollarda yorulmu\u015f, Taif\u2019teki zul\u00fcmden kurtulanlar, ma\u011farada m\u00fc\u015friklerin g\u00f6zlerinden saklananlar yine buralarda dinlenmi\u015flerdir. \u00d6r\u00fcmcek, a\u011f\u0131n\u0131 buradaki ma\u011farada \u00f6rm\u00fc\u015f, g\u00fcvercin en g\u00fczel yuvas\u0131n\u0131 bu ma\u011faran\u0131n giri\u015fine yapm\u0131\u015ft\u0131r. D\u00fcnyaya zul\u00fcm da\u011f\u0131tan Bizans ve Sasani\u2019ye kar\u015f\u0131 adalet ordular\u0131 buradan y\u00fcr\u00fcm\u00fc\u015f; Aliler, \u0130bn \u00d6mer ve \u0130bn Abbaslar burada b\u00fcy\u00fcm\u00fc\u015f, S\u00fcmeyyeler, Hamzalar, \u00d6merler ve Osmanlar burada \u015fehit d\u00fc\u015fm\u00fc\u015ft\u00fcr.<\/p><p>Sadece peygamberler ve sahabeler mi? Bu koca tarihte daha nice \u015fahitler vard\u0131r: \u00d6mer b. Abd\u00fclaziz dev servetini buralara harcam\u0131\u015f, Abdullah b. Z\u00fcbeyir zalimlere kar\u015f\u0131 ordular\u0131n\u0131 burada toplam\u0131\u015ft\u0131r. Halife Velid, Mehdi buralar\u0131n hadimli\u011fi i\u00e7in yan\u0131p tutu\u015fmu\u015f, Nureddin Zengi fitne tohumlar\u0131n\u0131 yine burada s\u00f6nd\u00fcrm\u00fc\u015ft\u00fcr. Selahaddin Eyy\u00fcbi ve K\u0131l\u0131\u00e7arslan bu topraklar\u0131n muhabbetiyle yand\u0131klar\u0131 halde k\u00fcffara kar\u015f\u0131 k\u0131l\u0131\u00e7 sallamaktan buralar\u0131 ziyaret edememi\u015f, \u015eeyh \u015eamil gibi \u0130slam b\u00fcy\u00fckleri de buralara gelip bir daha geri d\u00f6nememi\u015ftir. Ka\u2019b b. Z\u00fcheyr bir m\u00fcbarek h\u0131rka i\u00e7in dile gelip kasidesini burada s\u00f6ylemi\u015f, buralar\u0131n b\u00fclb\u00fcl\u00fc olmay\u0131 arzulayan akif de yazd\u0131klar\u0131n\u0131 k\u00f6t\u00fcye kullan\u0131lmas\u0131nlar diye buralarda iptal etmi\u015ftir. Peygamber Efendimiz (S.A.V.)\u2019in sakal-\u0131 \u015ferifi tek tek bu topraklardan toplanm\u0131\u015f, G\u00fcl-i Muhammedi t\u00fcm insanl\u0131k istifade etsin diye Sultan Ahmet taraf\u0131ndan tek tek cam t\u00fcplere konularak bu topraklarda da\u011f\u0131t\u0131lm\u0131\u015ft\u0131r. Osmanl\u0131n\u0131n nice Hak a\u015f\u0131\u011f\u0131 sultan\u0131 ciddi bir hadimlik anlay\u0131\u015f\u0131 i\u00e7inde Kabe\u2019nin \u00f6rt\u00fclerini \u0130stanbul\u2019da haz\u0131rlatm\u0131\u015f ve g\u00f6zya\u015flar\u0131 ile buralara g\u00f6ndermi\u015ftir.<\/p><p>Yine onlar orada eskiyen her bir \u015feyi kutsal birer emanet kabul ederek ba\u015fkentlerine getirtmi\u015flerdir. Peygamber Efendimiz (S.A.V.)\u2019i korumak u\u011fruna a\u00e7l\u0131k \u00e7eken askerlerimiz \u00f6lmemek i\u00e7in buralar\u0131n \u00e7ekirgelerini yemek zorunda kalm\u0131\u015f, bu Mukaddes Belde\u2019yi terk etmek zorunda b\u0131rak\u0131lan Fahreddin Pa\u015fa da k\u0131l\u0131\u00e7lar\u0131n\u0131 d\u00fc\u015fmana teslim etmeyerek bu topraklara emanet etmi\u015ftir.<\/p><p>Anlatmakla biter mi bu topraklarda cereyan eden hadiseler? G\u00fclenler, a\u011flayanlar, buralar\u0131n hasreti ile yananlar ve buralar u\u011fruna canlar\u0131ndan olanlar&#8230; Bug\u00fcn bize d\u00fc\u015fen g\u00f6rev ise t\u00fcm bu ya\u015fananlar\u0131 ve bir varolu\u015fun in\u015fa edildi\u011fi mekanlar\u0131, bu topraklarda ya\u015fayan se\u00e7kin hayatlar\u0131 tan\u0131mak ve ya\u015fanan hat\u0131ralar\u0131n en k\u00fc\u00e7\u00fck detaylar\u0131na vak\u0131f olarak oralar\u0131 gezmektir. E\u011fer bilerek ve hissederek gezebilirsek, \u2018Oralarda bir zamanlar Efendiler Efendisi dola\u015fm\u0131\u015ft\u0131.\u2019 diyecek ve aya\u011f\u0131m\u0131z\u0131 yere basarken daha dikkatli olaca\u011f\u0131z. Bu \u015fuurla hareket ederken kendimizi her k\u00f6\u015fe ba\u015f\u0131nda sahabeler ile musafaha eder gibi hissedece\u011fiz. Oralara gitti\u011finizde l\u00fctfen \u00f6zellikle, ikindi g\u00f6lgesi \u00e7\u00f6kt\u00fc\u011f\u00fcnde Mescid-i Haram ve Mescid-i Nebevi\u2019nin beyaz mermerleri \u00fczerinde u\u00e7u\u015fan \u00e7ekirgelerin \u00e7a\u011fr\u0131\u015f\u0131mlar\u0131yla Osmanl\u0131\u2019y\u0131 ve Fahreddin Pa\u015fa\u2019y\u0131 hat\u0131rlamay\u0131 da ihmal etmeyiniz. \u00c7\u00fcnk\u00fc onlar sahabe ve tabiinden sonra oralara en g\u00fczel hizmeti yapm\u0131\u015f, yat\u0131r\u0131m\u0131n en k\u0131ymetlisini oralara ger\u00e7ekle\u015ftirmi\u015f ve Hadim\u00fc\u2019l-Haremeyn (Harem-i \u015eerif\u2019in hizmet\u00e7ileri) olmaktan her zaman gurur duymu\u015flard\u0131r. Oralar\u0131 temizlik i\u00e7in kulland\u0131klar\u0131 tavus ku\u015fu t\u00fcy\u00fcnden s\u00fcp\u00fcrgelerin teleklerinden birka\u00e7 t\u00fcy\u00fc \u0130stanbul\u2019a getirtmi\u015f ve ba\u015flar\u0131ndaki sorgu\u00e7lara takarak \u2018Biz senin evinin s\u00fcp\u00fcrgecileriyiz ya Rabbi! diyerek halk\u0131n aras\u0131nda \u00f6ylece dola\u015fm\u0131\u015flard\u0131r.<\/p><\/div>\n\t\t\t\t<\/div>\n\t\t\t\t<\/div>\n\t\t\t\t<div class=\"elementor-element elementor-element-325178b elementor-widget elementor-widget-text-editor\" data-id=\"325178b\" data-element_type=\"widget\" data-widget_type=\"text-editor.default\">\n\t\t\t\t<div class=\"elementor-widget-container\">\n\t\t\t\t\t<div class=\"elementor-text-editor elementor-clearfix\"><p><strong>Umreye gitmeden \u00f6nce televizyonda kutsal topraklar\u0131 \u00f6zlemle seyrederken &#8220;Acaba Hz. \u0130brahim (A.S.)&#8217;\u0131n \u00e7a\u011fr\u0131s\u0131na cevap verenlerden miyim?&#8221; diye d\u00fc\u015f\u00fcn\u00fcr ve &#8220;Allah&#8217;\u0131m \u00e7a\u011fr\u0131ya Lebbeyk diyenlerden olay\u0131m, oraya gitmeyi bana nasip eyle&#8221; diye dua\u00a0 ederdim. Allah nasip etti ve Umre&#8217;ye gittim. \u0130n\u015fallah Hac&#8217;da nasip olur.\u00a0<\/strong><\/p><p><strong>Rabbimiz bu \u00e7a\u011fr\u0131ya \u201clebbeyk\u201d diyen t\u00fcm m\u00fcminleri bir an evvel vuslatlar\u0131na kavu\u015ftursun. Bizler gibi bir kere gitmi\u015f olanlara da bir daha nasip eylesin. Amin.<\/strong><\/p><\/div>\n\t\t\t\t<\/div>\n\t\t\t\t<\/div>\n\t\t\t\t\t\t<\/div>\n\t\t\t\t\t<\/div>\n\t\t<\/div>\n\t\t\t\t\t\t\t\t<\/div>\n\t\t\t\t\t<\/div>\n\t\t<\/section>\n\t\t\t\t\t\t<\/div>\n\t\t\t\t\t\t<\/div>\n\t\t\t\t\t<\/div>\n\t\t","protected":false},"excerpt":{"rendered":"<p>MUKADDES BELDE H\u0130CAZ Hepimizin \u00e7ocukluk y\u0131llar\u0131ndan beri ger\u00e7ekle\u015ftirmeyi arzu etti\u011fi h\u00fclyalar\u0131 vard\u0131r. Anne babalar\u0131m\u0131z ve \u00e7evremizdeki herkes hayat\u0131nda hep bir \u015feyi arzular, bir yeri d\u00fc\u015f\u00fcn\u00fcr ve \u201cin\u015fallah bir g\u00fcn\u201d der, konuyu kapat\u0131r. H\u00fclyalarda yer alan en \u00f6zel yer \u015f\u00fcphesiz Mukaddes Belde Hicaz\u2019d\u0131r. \u0130nsan\u0131m\u0131z\u0131n i\u00e7ine yerle\u015fmi\u015f bir duygudur bu. \u201cHerkes hayat\u0131nda en az bir kere oraya [&hellip;]<\/p>\n","protected":false},"author":1,"featured_media":0,"parent":0,"menu_order":0,"comment_status":"closed","ping_status":"closed","template":"","meta":[],"_links":{"self":[{"href":"https:\/\/yeni.elyucader.com\/index.php?rest_route=\/wp\/v2\/pages\/7"}],"collection":[{"href":"https:\/\/yeni.elyucader.com\/index.php?rest_route=\/wp\/v2\/pages"}],"about":[{"href":"https:\/\/yeni.elyucader.com\/index.php?rest_route=\/wp\/v2\/types\/page"}],"author":[{"embeddable":true,"href":"https:\/\/yeni.elyucader.com\/index.php?rest_route=\/wp\/v2\/users\/1"}],"replies":[{"embeddable":true,"href":"https:\/\/yeni.elyucader.com\/index.php?rest_route=%2Fwp%2Fv2%2Fcomments&post=7"}],"version-history":[{"count":40,"href":"https:\/\/yeni.elyucader.com\/index.php?rest_route=\/wp\/v2\/pages\/7\/revisions"}],"predecessor-version":[{"id":1274,"href":"https:\/\/yeni.elyucader.com\/index.php?rest_route=\/wp\/v2\/pages\/7\/revisions\/1274"}],"wp:attachment":[{"href":"https:\/\/yeni.elyucader.com\/index.php?rest_route=%2Fwp%2Fv2%2Fmedia&parent=7"}],"curies":[{"name":"wp","href":"https:\/\/api.w.org\/{rel}","templated":true}]}}