{"id":9,"date":"2019-12-24T16:58:33","date_gmt":"2019-12-24T13:58:33","guid":{"rendered":"http:\/\/localhost\/iyiakrep\/?page_id=9"},"modified":"2021-08-15T00:09:08","modified_gmt":"2021-08-14T21:09:08","slug":"mekke","status":"publish","type":"page","link":"https:\/\/yeni.elyucader.com\/?page_id=9","title":{"rendered":"Mekke"},"content":{"rendered":"\t\t<div data-elementor-type=\"wp-page\" data-elementor-id=\"9\" class=\"elementor elementor-9\" data-elementor-settings=\"[]\">\n\t\t\t\t\t\t<div class=\"elementor-inner\">\n\t\t\t\t\t\t\t<div class=\"elementor-section-wrap\">\n\t\t\t\t\t\t\t<section class=\"elementor-section elementor-top-section elementor-element elementor-element-e81c991 elementor-section-stretched elementor-section-full_width elementor-section-height-full elementor-section-height-default elementor-section-items-middle\" data-id=\"e81c991\" data-element_type=\"section\" data-settings=\"{&quot;stretch_section&quot;:&quot;section-stretched&quot;,&quot;background_background&quot;:&quot;classic&quot;}\">\n\t\t\t\t\t\t<div class=\"elementor-container elementor-column-gap-default\">\n\t\t\t\t\t\t\t<div class=\"elementor-row\">\n\t\t\t\t\t<div class=\"elementor-column elementor-col-100 elementor-top-column elementor-element elementor-element-ab6e663\" data-id=\"ab6e663\" data-element_type=\"column\">\n\t\t\t<div class=\"elementor-column-wrap elementor-element-populated\">\n\t\t\t\t\t\t\t<div class=\"elementor-widget-wrap\">\n\t\t\t\t\t\t<div class=\"elementor-element elementor-element-59e4359 elementor-widget elementor-widget-heading\" data-id=\"59e4359\" data-element_type=\"widget\" data-widget_type=\"heading.default\">\n\t\t\t\t<div class=\"elementor-widget-container\">\n\t\t\t<h2 class=\"elementor-heading-title elementor-size-default\">MEKKE<\/h2>\t\t<\/div>\n\t\t\t\t<\/div>\n\t\t\t\t\t\t<\/div>\n\t\t\t\t\t<\/div>\n\t\t<\/div>\n\t\t\t\t\t\t\t\t<\/div>\n\t\t\t\t\t<\/div>\n\t\t<\/section>\n\t\t\t\t<section class=\"elementor-section elementor-top-section elementor-element elementor-element-f800a47 elementor-section-boxed elementor-section-height-default elementor-section-height-default\" data-id=\"f800a47\" data-element_type=\"section\">\n\t\t\t\t\t\t<div class=\"elementor-container elementor-column-gap-default\">\n\t\t\t\t\t\t\t<div class=\"elementor-row\">\n\t\t\t\t\t<div class=\"elementor-column elementor-col-100 elementor-top-column elementor-element elementor-element-7aa4fd1\" data-id=\"7aa4fd1\" data-element_type=\"column\">\n\t\t\t<div class=\"elementor-column-wrap elementor-element-populated\">\n\t\t\t\t\t\t\t<div class=\"elementor-widget-wrap\">\n\t\t\t\t\t\t<div class=\"elementor-element elementor-element-7824a82 elementor-widget elementor-widget-text-editor\" data-id=\"7824a82\" data-element_type=\"widget\" data-widget_type=\"text-editor.default\">\n\t\t\t\t<div class=\"elementor-widget-container\">\n\t\t\t\t\t<div class=\"elementor-text-editor elementor-clearfix\"><p>Arap yar\u0131madas\u0131n\u0131n kuzeyinde, deniz seviyesinden y\u00fcksekli\u011fi 250-350 m. aras\u0131nda de\u011fi\u015fen bir vadi \u00fczerinde kurulmu\u015ftur.<\/p><p>Merkezinde Kabe&#8217;nin yer ald\u0131\u011f\u0131 bu vadinin ortas\u0131ndaki \u00e7ukur alan, do\u011fuda Ebukubeys, bat\u0131da Kuayk\u0131an, g\u00fcneybat\u0131da Sevr, kuzeydo\u011fuda Hira ve Sebir da\u011flar\u0131yla ku\u015fat\u0131lm\u0131\u015ft\u0131r.<\/p><p>Hac ibadetinin yerine getirildi\u011fi Arafat, M\u00fczdelife ve Mina Mekke&#8217;nin do\u011fusundad\u0131r. Kur&#8217;an-\u0131 Kerim&#8217;de &#8220;ekin bitmeyen bir vadi&#8221; olarak nitelenen (\u0130brahim 14\/37) Mekke ve \u00e7evresi \u00e7\u00f6l karakterli bir araziye sahip olup Arap Yar\u0131madas\u0131n\u0131n en m\u00fchim merkezlerinden birisi haline gelmesini do\u011frudan Kabe&#8217;nin burada yap\u0131lmas\u0131na bor\u00e7ludur.<\/p><\/div>\n\t\t\t\t<\/div>\n\t\t\t\t<\/div>\n\t\t\t\t<div class=\"elementor-element elementor-element-ccde329 elementor-widget elementor-widget-image\" data-id=\"ccde329\" data-element_type=\"widget\" data-widget_type=\"image.default\">\n\t\t\t\t<div class=\"elementor-widget-container\">\n\t\t\t\t\t<div class=\"elementor-image\">\n\t\t\t\t\t\t\t\t\t\t<img width=\"768\" height=\"1024\" src=\"https:\/\/yeni.elyucader.com\/wp-content\/uploads\/2020\/02\/IMG_1140.jpg\" class=\"attachment-large size-large\" alt=\"\" decoding=\"async\" loading=\"lazy\" srcset=\"https:\/\/yeni.elyucader.com\/wp-content\/uploads\/2020\/02\/IMG_1140.jpg 768w, https:\/\/yeni.elyucader.com\/wp-content\/uploads\/2020\/02\/IMG_1140-225x300.jpg 225w\" sizes=\"(max-width: 768px) 100vw, 768px\" \/>\t\t\t\t\t\t\t\t\t\t\t<\/div>\n\t\t\t\t<\/div>\n\t\t\t\t<\/div>\n\t\t\t\t<div class=\"elementor-element elementor-element-2e33f71 elementor-widget elementor-widget-text-editor\" data-id=\"2e33f71\" data-element_type=\"widget\" data-widget_type=\"text-editor.default\">\n\t\t\t\t<div class=\"elementor-widget-container\">\n\t\t\t\t\t<div class=\"elementor-text-editor elementor-clearfix\"><p><strong>\u0130SLAM&#8217;IN \u0130LK \u015eEH\u0130TLER\u0130N\u0130N \u015eAHADETE KAVU\u015eTUKLARI YER<\/strong><\/p><p>Asr-\u0131 Saadet\u2019te iman\u0131 a\u015fkla ya\u015fayarak \u201c\u0130slam\u2019\u0131n \u0130lk \u015eehidesi\u201d \u00fcnvan\u0131na nail olan bahtiyar han\u0131m sahabi, Hazret-i S\u00fcmeyye Hatun\u2019dur.\u00a0<\/p><p>\u00d6nceleri eline bir i\u011fnenin batmas\u0131ndan dahi son derece \u00e7ekinip korkan Hazret-i S\u00fcmeyye -rad\u0131yallahu anha-, iman\u0131n ulvi hazz\u0131n\u0131 tatt\u0131ktan sonra, m\u00fc\u015friklerin k\u0131zg\u0131n demirlerle v\u00fcc\u00fbdunu da\u011flamalar\u0131na ra\u011fmen b\u00fcy\u00fck bir tahamm\u00fcl g\u00f6stermi\u015f, iman\u0131ndan asla taviz vermemi\u015ftir.\u00a0<\/p><p>Vah\u015fi i\u015fkencelere maruz kald\u0131ktan sonra, bir aya\u011f\u0131 bir deveye, di\u011fer aya\u011f\u0131 da ba\u015fka bir deveye ba\u011flanarak canavarca par\u00e7alanm\u0131\u015f, feci bir \u015fekilde \u015fehit edilmi\u015ftir. Kocas\u0131 Hazret-i Yasir de ya\u015fl\u0131 ve zay\u0131f bir kimse olmas\u0131na ra\u011fmen tahamm\u00fcl \u00f6tesi bir sab\u0131r g\u00f6stermi\u015f, nihayetinde o da \u015fehadet \u015ferbetini i\u00e7mi\u015ftir.\u00a0<\/p><p>B\u00f6ylece Yasir ailesi -rad\u0131yallahu anh\u00fcm- \u0130slam\u2019\u0131n ilk \u015fehitleri olmu\u015flard\u0131r. imanlar\u0131n\u0131n bedelini, onu a\u015fkla ya\u015fayarak \u00f6demi\u015flerdir.<\/p><p>Yer A\u011fa\u00e7 Mescidinin Mescid-i Haram taraf\u0131ndad\u0131r.<\/p><\/div>\n\t\t\t\t<\/div>\n\t\t\t\t<\/div>\n\t\t\t\t<div class=\"elementor-element elementor-element-88d8980 elementor-widget elementor-widget-text-editor\" data-id=\"88d8980\" data-element_type=\"widget\" data-widget_type=\"text-editor.default\">\n\t\t\t\t<div class=\"elementor-widget-container\">\n\t\t\t\t\t<div class=\"elementor-text-editor elementor-clearfix\"><p><strong>Resimdeki direklerin oldu\u011fu yerin \u0130slam&#8217;\u0131n ilk \u015fehitleri Hz. S\u00fcmeyye ve e\u015fi Hz. Yasir&#8217;in \u015fehit edildi\u011fi yer. Oras\u0131 Hac ve Umre&#8217;ye gelen ziyaret\u00e7ilere \u00f6zellikle g\u00f6sterilmesi gereken bir yer olmal\u0131 ve yeri belli edilmelidir. Bu insanlar, dininden d\u00f6nmesi i\u00e7in her t\u00fcrl\u00fc zul\u00fcm kar\u015f\u0131s\u0131nda direnen m\u00fcsl\u00fcmanlar i\u00e7in \u00f6nder olmu\u015flard\u0131r. Kafire boyun e\u011fmemi\u015f ve \u015fehit olmu\u015flard\u0131r. Onlar\u0131n bu iman\u0131 \u0130slam&#8217;\u0131n b\u00fcy\u00fcmesinde \u00f6nemli bir katk\u0131 sa\u011flam\u0131\u015ft\u0131r.<\/strong><\/p><\/div>\n\t\t\t\t<\/div>\n\t\t\t\t<\/div>\n\t\t\t\t<div class=\"elementor-element elementor-element-16e4611 elementor-widget elementor-widget-text-editor\" data-id=\"16e4611\" data-element_type=\"widget\" data-widget_type=\"text-editor.default\">\n\t\t\t\t<div class=\"elementor-widget-container\">\n\t\t\t\t\t<div class=\"elementor-text-editor elementor-clearfix\"><p>\u00a0<\/p><p>\u00a0<\/p><\/div>\n\t\t\t\t<\/div>\n\t\t\t\t<\/div>\n\t\t\t\t<div class=\"elementor-element elementor-element-92e1e3e elementor-widget elementor-widget-image\" data-id=\"92e1e3e\" data-element_type=\"widget\" data-widget_type=\"image.default\">\n\t\t\t\t<div class=\"elementor-widget-container\">\n\t\t\t\t\t<div class=\"elementor-image\">\n\t\t\t\t\t\t\t\t\t\t<img width=\"1024\" height=\"768\" src=\"https:\/\/yeni.elyucader.com\/wp-content\/uploads\/2020\/02\/IMG_1156.jpg\" class=\"attachment-large size-large\" alt=\"\" decoding=\"async\" loading=\"lazy\" srcset=\"https:\/\/yeni.elyucader.com\/wp-content\/uploads\/2020\/02\/IMG_1156.jpg 1024w, https:\/\/yeni.elyucader.com\/wp-content\/uploads\/2020\/02\/IMG_1156-300x225.jpg 300w, https:\/\/yeni.elyucader.com\/wp-content\/uploads\/2020\/02\/IMG_1156-768x576.jpg 768w\" sizes=\"(max-width: 1024px) 100vw, 1024px\" \/>\t\t\t\t\t\t\t\t\t\t\t<\/div>\n\t\t\t\t<\/div>\n\t\t\t\t<\/div>\n\t\t\t\t<div class=\"elementor-element elementor-element-1802949 elementor-widget elementor-widget-text-editor\" data-id=\"1802949\" data-element_type=\"widget\" data-widget_type=\"text-editor.default\">\n\t\t\t\t<div class=\"elementor-widget-container\">\n\t\t\t\t\t<div class=\"elementor-text-editor elementor-clearfix\"><p><strong>HZ. MUHAMMED (S.A.V)&#8217;\u0130N VE \u0130SLAM&#8217;IN AZILI D\u00dc\u015eMANLARINDAN B\u0130R\u0130 EBU CEH\u0130L&#8217;\u0130N EV\u0130<\/strong><\/p>\n<p>Eb\u00fc\u2019l-Hakem olan k\u00fcnyesi \u0130slamiyet\u2019e d\u00fc\u015fmanl\u0131\u011f\u0131 sebebiyle Hz. Peygamber taraf\u0131ndan Ebu Cehil \u015feklinde de\u011fi\u015ftirilmi\u015ftir.&nbsp;<\/p><p>Dar\u00fcnnedve \u00fcyesi olan Ebu Cehil, Resul-i Ekrem\u2019in davetine ba\u015f\u0131ndan beri kar\u015f\u0131 \u00e7\u0131km\u0131\u015f ve m\u00fcsl\u00fcmanlar aleyhinde haz\u0131rlanan b\u00fct\u00fcn komplolarda yer alm\u0131\u015ft\u0131r.<span style=\"font-size: 22px;\">&nbsp;<\/span><\/p><p>Ebu Cehil, m\u00fc\u015friklerin muharebe ihtiya\u00e7lar\u0131n\u0131n b\u00fcy\u00fck bir k\u0131sm\u0131n\u0131 bizzat kar\u015f\u0131lad\u0131\u011f\u0131 Bedir Sava\u015f\u0131\u2019nda ensardan Afra\u2019n\u0131n o\u011fullar\u0131 Muaz ve Muavviz taraf\u0131ndan \u00f6ld\u00fcr\u00fcld\u00fc. Bu iki karde\u015fin onu yaralad\u0131klar\u0131 ve ba\u015f\u0131n\u0131n Abdullah b. Mes\u2018ud taraf\u0131ndan kesildi\u011fi de rivayet edilmektedir.&nbsp;<\/p><p>Ebu Cehil, katledilen di\u011fer m\u00fc\u015friklerle beraber Bedir\u2019deki k\u00f6r kuyulardan birine at\u0131ld\u0131. Hz. Peygamber\u2019in bu \u00fcmmetin firavunu olarak tavsif etti\u011fi Ebu Cehil hakk\u0131nda, \u0130slamiyet aleyhindeki faaliyetleri, Resul-i Ekrem\u2019e ve ashab\u0131na yapt\u0131\u011f\u0131 zul\u00fcm ve haks\u0131zl\u0131klar sebebiyle pek \u00e7ok ayet nazil olmu\u015ftur.<\/p><p>Evi Peygamber Efendimiz (S.A.V.)&#8217;in evinin kar\u015f\u0131s\u0131nda bulunmaktad\u0131r ve WC (Hela) olarak kullan\u0131lmaktad\u0131r.<\/p><\/div>\n\t\t\t\t<\/div>\n\t\t\t\t<\/div>\n\t\t\t\t<div class=\"elementor-element elementor-element-a7df764 gallery-spacing-custom elementor-widget elementor-widget-image-gallery\" data-id=\"a7df764\" data-element_type=\"widget\" data-widget_type=\"image-gallery.default\">\n\t\t\t\t<div class=\"elementor-widget-container\">\n\t\t\t\t\t<div class=\"elementor-image-gallery\">\n\t\t\t<div id='gallery-1' class='gallery galleryid-9 gallery-columns-6 gallery-size-thumbnail'><figure class='gallery-item'>\n\t\t\t<div class='gallery-icon landscape'>\n\t\t\t\t<a data-elementor-open-lightbox=\"yes\" data-elementor-lightbox-slideshow=\"a7df764\" data-elementor-lightbox-title=\"IMG_0725\" href='https:\/\/yeni.elyucader.com\/wp-content\/uploads\/2020\/02\/IMG_0725.jpg'><img width=\"150\" height=\"150\" src=\"https:\/\/yeni.elyucader.com\/wp-content\/uploads\/2020\/02\/IMG_0725-150x150.jpg\" class=\"attachment-thumbnail size-thumbnail\" alt=\"\" decoding=\"async\" loading=\"lazy\" \/><\/a>\n\t\t\t<\/div><\/figure><figure class='gallery-item'>\n\t\t\t<div class='gallery-icon landscape'>\n\t\t\t\t<a data-elementor-open-lightbox=\"yes\" data-elementor-lightbox-slideshow=\"a7df764\" data-elementor-lightbox-title=\"IMG_0726\" href='https:\/\/yeni.elyucader.com\/wp-content\/uploads\/2020\/02\/IMG_0726.jpg'><img width=\"150\" height=\"150\" src=\"https:\/\/yeni.elyucader.com\/wp-content\/uploads\/2020\/02\/IMG_0726-150x150.jpg\" class=\"attachment-thumbnail size-thumbnail\" alt=\"\" decoding=\"async\" loading=\"lazy\" \/><\/a>\n\t\t\t<\/div><\/figure><figure class='gallery-item'>\n\t\t\t<div class='gallery-icon landscape'>\n\t\t\t\t<a data-elementor-open-lightbox=\"yes\" data-elementor-lightbox-slideshow=\"a7df764\" data-elementor-lightbox-title=\"IMG_0727\" href='https:\/\/yeni.elyucader.com\/wp-content\/uploads\/2020\/02\/IMG_0727.jpg'><img width=\"150\" height=\"150\" src=\"https:\/\/yeni.elyucader.com\/wp-content\/uploads\/2020\/02\/IMG_0727-150x150.jpg\" class=\"attachment-thumbnail size-thumbnail\" alt=\"\" decoding=\"async\" loading=\"lazy\" \/><\/a>\n\t\t\t<\/div><\/figure><figure class='gallery-item'>\n\t\t\t<div class='gallery-icon landscape'>\n\t\t\t\t<a data-elementor-open-lightbox=\"yes\" data-elementor-lightbox-slideshow=\"a7df764\" data-elementor-lightbox-title=\"IMG_0729\" href='https:\/\/yeni.elyucader.com\/wp-content\/uploads\/2020\/02\/IMG_0729.jpg'><img width=\"150\" height=\"150\" src=\"https:\/\/yeni.elyucader.com\/wp-content\/uploads\/2020\/02\/IMG_0729-150x150.jpg\" class=\"attachment-thumbnail size-thumbnail\" alt=\"\" decoding=\"async\" loading=\"lazy\" \/><\/a>\n\t\t\t<\/div><\/figure><figure class='gallery-item'>\n\t\t\t<div class='gallery-icon portrait'>\n\t\t\t\t<a data-elementor-open-lightbox=\"yes\" data-elementor-lightbox-slideshow=\"a7df764\" data-elementor-lightbox-title=\"IMG_1072\" href='https:\/\/yeni.elyucader.com\/wp-content\/uploads\/2020\/02\/IMG_1072.jpg'><img width=\"150\" height=\"150\" src=\"https:\/\/yeni.elyucader.com\/wp-content\/uploads\/2020\/02\/IMG_1072-150x150.jpg\" class=\"attachment-thumbnail size-thumbnail\" alt=\"\" decoding=\"async\" loading=\"lazy\" \/><\/a>\n\t\t\t<\/div><\/figure><figure class='gallery-item'>\n\t\t\t<div class='gallery-icon portrait'>\n\t\t\t\t<a data-elementor-open-lightbox=\"yes\" data-elementor-lightbox-slideshow=\"a7df764\" data-elementor-lightbox-title=\"IMG_1140\" href='https:\/\/yeni.elyucader.com\/wp-content\/uploads\/2020\/02\/IMG_1140.jpg'><img width=\"150\" height=\"150\" src=\"https:\/\/yeni.elyucader.com\/wp-content\/uploads\/2020\/02\/IMG_1140-150x150.jpg\" class=\"attachment-thumbnail size-thumbnail\" alt=\"\" decoding=\"async\" loading=\"lazy\" aria-describedby=\"gallery-1-145\" \/><\/a>\n\t\t\t<\/div>\n\t\t\t\t<figcaption class='wp-caption-text gallery-caption' id='gallery-1-145'>\n\t\t\t\t\u0130slam&#8217;\u0131n \u0130lk \u015eehidinin \u015eehit Oldu\u011fu yer\n\t\t\t\t<\/figcaption><\/figure><figure class='gallery-item'>\n\t\t\t<div class='gallery-icon portrait'>\n\t\t\t\t<a data-elementor-open-lightbox=\"yes\" data-elementor-lightbox-slideshow=\"a7df764\" data-elementor-lightbox-title=\"IMG_1162\" href='https:\/\/yeni.elyucader.com\/wp-content\/uploads\/2020\/02\/IMG_1162.jpg'><img width=\"150\" height=\"150\" src=\"https:\/\/yeni.elyucader.com\/wp-content\/uploads\/2020\/02\/IMG_1162-150x150.jpg\" class=\"attachment-thumbnail size-thumbnail\" alt=\"\" decoding=\"async\" loading=\"lazy\" \/><\/a>\n\t\t\t<\/div><\/figure><figure class='gallery-item'>\n\t\t\t<div class='gallery-icon portrait'>\n\t\t\t\t<a data-elementor-open-lightbox=\"yes\" data-elementor-lightbox-slideshow=\"a7df764\" data-elementor-lightbox-title=\"IMG_1164\" href='https:\/\/yeni.elyucader.com\/wp-content\/uploads\/2020\/02\/IMG_1164.jpg'><img width=\"150\" height=\"150\" src=\"https:\/\/yeni.elyucader.com\/wp-content\/uploads\/2020\/02\/IMG_1164-150x150.jpg\" class=\"attachment-thumbnail size-thumbnail\" alt=\"\" decoding=\"async\" loading=\"lazy\" \/><\/a>\n\t\t\t<\/div><\/figure><figure class='gallery-item'>\n\t\t\t<div class='gallery-icon portrait'>\n\t\t\t\t<a data-elementor-open-lightbox=\"yes\" data-elementor-lightbox-slideshow=\"a7df764\" data-elementor-lightbox-title=\"IMG_1169\" href='https:\/\/yeni.elyucader.com\/wp-content\/uploads\/2020\/02\/IMG_1169.jpg'><img width=\"150\" height=\"150\" src=\"https:\/\/yeni.elyucader.com\/wp-content\/uploads\/2020\/02\/IMG_1169-150x150.jpg\" class=\"attachment-thumbnail size-thumbnail\" alt=\"\" decoding=\"async\" loading=\"lazy\" \/><\/a>\n\t\t\t<\/div><\/figure><figure class='gallery-item'>\n\t\t\t<div class='gallery-icon portrait'>\n\t\t\t\t<a data-elementor-open-lightbox=\"yes\" data-elementor-lightbox-slideshow=\"a7df764\" data-elementor-lightbox-title=\"IMG_1371\" href='https:\/\/yeni.elyucader.com\/wp-content\/uploads\/2020\/02\/IMG_1371.jpg'><img width=\"150\" height=\"150\" src=\"https:\/\/yeni.elyucader.com\/wp-content\/uploads\/2020\/02\/IMG_1371-150x150.jpg\" class=\"attachment-thumbnail size-thumbnail\" alt=\"\" decoding=\"async\" loading=\"lazy\" \/><\/a>\n\t\t\t<\/div><\/figure><figure class='gallery-item'>\n\t\t\t<div class='gallery-icon landscape'>\n\t\t\t\t<a data-elementor-open-lightbox=\"yes\" data-elementor-lightbox-slideshow=\"a7df764\" data-elementor-lightbox-title=\"IMG_1383\" href='https:\/\/yeni.elyucader.com\/wp-content\/uploads\/2020\/02\/IMG_1383.jpg'><img width=\"150\" height=\"150\" src=\"https:\/\/yeni.elyucader.com\/wp-content\/uploads\/2020\/02\/IMG_1383-150x150.jpg\" class=\"attachment-thumbnail size-thumbnail\" alt=\"\" decoding=\"async\" loading=\"lazy\" \/><\/a>\n\t\t\t<\/div><\/figure><figure class='gallery-item'>\n\t\t\t<div class='gallery-icon landscape'>\n\t\t\t\t<a data-elementor-open-lightbox=\"yes\" data-elementor-lightbox-slideshow=\"a7df764\" data-elementor-lightbox-title=\"IMG_1384\" href='https:\/\/yeni.elyucader.com\/wp-content\/uploads\/2020\/02\/IMG_1384.jpg'><img width=\"150\" height=\"150\" src=\"https:\/\/yeni.elyucader.com\/wp-content\/uploads\/2020\/02\/IMG_1384-150x150.jpg\" class=\"attachment-thumbnail size-thumbnail\" alt=\"\" decoding=\"async\" loading=\"lazy\" \/><\/a>\n\t\t\t<\/div><\/figure>\n\t\t<\/div>\n\t\t<\/div>\n\t\t\t\t<\/div>\n\t\t\t\t<\/div>\n\t\t\t\t\t\t<\/div>\n\t\t\t\t\t<\/div>\n\t\t<\/div>\n\t\t\t\t\t\t\t\t<\/div>\n\t\t\t\t\t<\/div>\n\t\t<\/section>\n\t\t\t\t\t\t<\/div>\n\t\t\t\t\t\t<\/div>\n\t\t\t\t\t<\/div>\n\t\t","protected":false},"excerpt":{"rendered":"<p>MEKKE Arap yar\u0131madas\u0131n\u0131n kuzeyinde, deniz seviyesinden y\u00fcksekli\u011fi 250-350 m. aras\u0131nda de\u011fi\u015fen bir vadi \u00fczerinde kurulmu\u015ftur. Merkezinde Kabe&#8217;nin yer ald\u0131\u011f\u0131 bu vadinin ortas\u0131ndaki \u00e7ukur alan, do\u011fuda Ebukubeys, bat\u0131da Kuayk\u0131an, g\u00fcneybat\u0131da Sevr, kuzeydo\u011fuda Hira ve Sebir da\u011flar\u0131yla ku\u015fat\u0131lm\u0131\u015ft\u0131r. Hac ibadetinin yerine getirildi\u011fi Arafat, M\u00fczdelife ve Mina Mekke&#8217;nin do\u011fusundad\u0131r. Kur&#8217;an-\u0131 Kerim&#8217;de &#8220;ekin bitmeyen bir vadi&#8221; olarak nitelenen (\u0130brahim [&hellip;]<\/p>\n","protected":false},"author":1,"featured_media":0,"parent":0,"menu_order":0,"comment_status":"closed","ping_status":"closed","template":"","meta":[],"_links":{"self":[{"href":"https:\/\/yeni.elyucader.com\/index.php?rest_route=\/wp\/v2\/pages\/9"}],"collection":[{"href":"https:\/\/yeni.elyucader.com\/index.php?rest_route=\/wp\/v2\/pages"}],"about":[{"href":"https:\/\/yeni.elyucader.com\/index.php?rest_route=\/wp\/v2\/types\/page"}],"author":[{"embeddable":true,"href":"https:\/\/yeni.elyucader.com\/index.php?rest_route=\/wp\/v2\/users\/1"}],"replies":[{"embeddable":true,"href":"https:\/\/yeni.elyucader.com\/index.php?rest_route=%2Fwp%2Fv2%2Fcomments&post=9"}],"version-history":[{"count":35,"href":"https:\/\/yeni.elyucader.com\/index.php?rest_route=\/wp\/v2\/pages\/9\/revisions"}],"predecessor-version":[{"id":1261,"href":"https:\/\/yeni.elyucader.com\/index.php?rest_route=\/wp\/v2\/pages\/9\/revisions\/1261"}],"wp:attachment":[{"href":"https:\/\/yeni.elyucader.com\/index.php?rest_route=%2Fwp%2Fv2%2Fmedia&parent=9"}],"curies":[{"name":"wp","href":"https:\/\/api.w.org\/{rel}","templated":true}]}}